{"id":17120,"date":"2026-08-24T15:31:16","date_gmt":"2026-08-24T13:31:16","guid":{"rendered":"https:\/\/www.cerameurop.com\/?post_type=evenement&#038;p=17120"},"modified":"2026-08-25T17:28:44","modified_gmt":"2026-08-25T15:28:44","slug":"groupe-de-travail-chaines-de-valeur-defense","status":"publish","type":"evenement","link":"https:\/\/www.cerameurop.com\/en\/evenement\/groupe-de-travail-chaines-de-valeur-defense\/","title":{"rendered":"Groupe de Travail Cha\u00eenes de valeur D\u00e9fense"},"content":{"rendered":"<p>A la suite des attentes exprim\u00e9es dans le Sondage Strat\u00e9gique \u2013 Feuille de route 2027-2030 et soutenir le d\u00e9veloppement de notre fili\u00e8re, le p\u00f4le propose \u00e0 ses adh\u00e9rents de lancer ensemble un <strong>groupe de travail \u00ab Cha\u00eenes de valeur D\u00e9fense \u00bb<\/strong>, ax\u00e9 sur la cartographie et l\u2019analyse strat\u00e9gique des cha\u00eenes de valeur du secteur des c\u00e9ramiques pour la d\u00e9fense.<\/p>\n<p>Le p\u00f4le vous invite \u00e0 participer <strong>le 9 septembre de 10h00 \u00e0 12h00 \u00e0 une visioconf\u00e9rence de lancement<\/strong>, dont l\u2019objectif sera de d\u00e9finir collectivement la m\u00e9thode, les priorit\u00e9s et la contribution de chacun.<\/p>\n<p><strong>Ce GT vise \u00e0 cartographier et analyser une ou plusieurs cha\u00eenes de valeur pour\u202f:<\/strong><\/p>\n<ul>\n<li>Identifier les acteurs, comp\u00e9tences et segments\/maillons cl\u00e9s<\/li>\n<li>Visualiser les flux, d\u00e9pendances, points forts et fragilit\u00e9s<\/li>\n<li>Mieux cerner les atouts, besoins strat\u00e9giques (s\u00e9curisation, mont\u00e9e en comp\u00e9tences) et opportunit\u00e9s business<\/li>\n<li>Renforcer la visibilit\u00e9 de notre secteur aupr\u00e8s des donneurs d\u2019ordres et des pouvoirs publics<\/li>\n<\/ul>\n","protected":false},"featured_media":17122,"template":"","tags":[],"categorie":[1193],"class_list":["post-17120","evenement","type-evenement","status-publish","has-post-thumbnail","hentry","categorie-groupe-de-travail"],"acf":[],"yoast_head":"<!-- This site is optimized with the Yoast SEO plugin v28.4 - https:\/\/yoast.com\/product\/yoast-seo-wordpress\/ -->\n<title>Groupe de Travail Cha\u00eenes de valeur D\u00e9fense | P\u00f4le europ\u00e9en de la c\u00e9ramique<\/title>\n<meta name=\"description\" content=\"Groupe de Travail Cha\u00eenes de valeur D\u00e9fense est un \u00e9v\u00e9nement organis\u00e9 par le P\u00f4le europ\u00e9en de la c\u00e9ramique \u00e0 destination des professionnels du secteur.\" \/>\n<meta name=\"robots\" content=\"index, follow, max-snippet:-1, max-image-preview:large, max-video-preview:-1\" \/>\n<link rel=\"canonical\" href=\"https:\/\/www.cerameurop.com\/en\/evenement\/groupe-de-travail-chaines-de-valeur-defense\/\" \/>\n<meta property=\"og:locale\" content=\"en_US\" \/>\n<meta property=\"og:type\" content=\"article\" \/>\n<meta property=\"og:title\" content=\"Groupe de Travail Cha\u00eenes de valeur D\u00e9fense | P\u00f4le europ\u00e9en de la c\u00e9ramique\" \/>\n<meta property=\"og:description\" content=\"Groupe de Travail Cha\u00eenes de valeur D\u00e9fense est un \u00e9v\u00e9nement organis\u00e9 par le P\u00f4le europ\u00e9en de la c\u00e9ramique \u00e0 destination des professionnels du secteur.\" \/>\n<meta property=\"og:url\" content=\"https:\/\/www.cerameurop.com\/en\/evenement\/groupe-de-travail-chaines-de-valeur-defense\/\" \/>\n<meta property=\"og:site_name\" content=\"P\u00f4le europ\u00e9en de la c\u00e9ramique\" \/>\n<meta property=\"article:publisher\" content=\"https:\/\/www.facebook.com\/profile.php?id=100054339318607\" \/>\n<meta property=\"article:modified_time\" content=\"2026-08-25T15:28:44+00:00\" \/>\n<meta property=\"og:image\" content=\"https:\/\/www.cerameurop.com\/wp-content\/uploads\/2026\/08\/260909_GT-Defense-Chaines-de-valeur-1.png\" \/>\n\t<meta property=\"og:image:width\" content=\"1136\" \/>\n\t<meta property=\"og:image:height\" content=\"640\" \/>\n\t<meta property=\"og:image:type\" content=\"image\/png\" \/>\n<meta name=\"twitter:card\" content=\"summary_large_image\" \/>\n<meta name=\"twitter:label1\" content=\"Est. reading time\" \/>\n\t<meta name=\"twitter:data1\" content=\"1 minute\" \/>\n<script type=\"application\/ld+json\" class=\"yoast-schema-graph\">{\"@context\":\"https:\\\/\\\/schema.org\",\"@graph\":[{\"@type\":\"WebPage\",\"@id\":\"https:\\\/\\\/www.cerameurop.com\\\/en\\\/evenement\\\/groupe-de-travail-chaines-de-valeur-defense\\\/\",\"url\":\"https:\\\/\\\/www.cerameurop.com\\\/en\\\/evenement\\\/groupe-de-travail-chaines-de-valeur-defense\\\/\",\"name\":\"Groupe de Travail Cha\u00eenes de valeur D\u00e9fense | P\u00f4le europ\u00e9en de la c\u00e9ramique\",\"isPartOf\":{\"@id\":\"https:\\\/\\\/www.cerameurop.com\\\/en\\\/#website\"},\"primaryImageOfPage\":{\"@id\":\"https:\\\/\\\/www.cerameurop.com\\\/en\\\/evenement\\\/groupe-de-travail-chaines-de-valeur-defense\\\/#primaryimage\"},\"image\":{\"@id\":\"https:\\\/\\\/www.cerameurop.com\\\/en\\\/evenement\\\/groupe-de-travail-chaines-de-valeur-defense\\\/#primaryimage\"},\"thumbnailUrl\":\"https:\\\/\\\/www.cerameurop.com\\\/wp-content\\\/uploads\\\/2026\\\/08\\\/260909_GT-Defense-Chaines-de-valeur-1.png\",\"datePublished\":\"2026-08-24T13:31:16+00:00\",\"dateModified\":\"2026-08-25T15:28:44+00:00\",\"description\":\"Groupe de Travail Cha\u00eenes de valeur D\u00e9fense est un \u00e9v\u00e9nement organis\u00e9 par le P\u00f4le europ\u00e9en de la c\u00e9ramique \u00e0 destination des professionnels du secteur.\",\"breadcrumb\":{\"@id\":\"https:\\\/\\\/www.cerameurop.com\\\/en\\\/evenement\\\/groupe-de-travail-chaines-de-valeur-defense\\\/#breadcrumb\"},\"inLanguage\":\"en-US\",\"potentialAction\":[{\"@type\":\"ReadAction\",\"target\":[\"https:\\\/\\\/www.cerameurop.com\\\/en\\\/evenement\\\/groupe-de-travail-chaines-de-valeur-defense\\\/\"]}]},{\"@type\":\"ImageObject\",\"inLanguage\":\"en-US\",\"@id\":\"https:\\\/\\\/www.cerameurop.com\\\/en\\\/evenement\\\/groupe-de-travail-chaines-de-valeur-defense\\\/#primaryimage\",\"url\":\"https:\\\/\\\/www.cerameurop.com\\\/wp-content\\\/uploads\\\/2026\\\/08\\\/260909_GT-Defense-Chaines-de-valeur-1.png\",\"contentUrl\":\"https:\\\/\\\/www.cerameurop.com\\\/wp-content\\\/uploads\\\/2026\\\/08\\\/260909_GT-Defense-Chaines-de-valeur-1.png\",\"width\":1136,\"height\":640},{\"@type\":\"BreadcrumbList\",\"@id\":\"https:\\\/\\\/www.cerameurop.com\\\/en\\\/evenement\\\/groupe-de-travail-chaines-de-valeur-defense\\\/#breadcrumb\",\"itemListElement\":[{\"@type\":\"ListItem\",\"position\":1,\"name\":\"Accueil\",\"item\":\"https:\\\/\\\/www.cerameurop.com\\\/en\\\/\"},{\"@type\":\"ListItem\",\"position\":2,\"name\":\"\u00c9v\u00e8nements\",\"item\":\"https:\\\/\\\/www.cerameurop.com\\\/en\\\/evenements\\\/\"},{\"@type\":\"ListItem\",\"position\":3,\"name\":\"Groupe de Travail Cha\u00eenes de valeur D\u00e9fense\"}]},{\"@type\":\"WebSite\",\"@id\":\"https:\\\/\\\/www.cerameurop.com\\\/en\\\/#website\",\"url\":\"https:\\\/\\\/www.cerameurop.com\\\/en\\\/\",\"name\":\"P\u00f4le europ\u00e9en de la c\u00e9ramique\",\"description\":\"\",\"publisher\":{\"@id\":\"https:\\\/\\\/www.cerameurop.com\\\/en\\\/#organization\"},\"potentialAction\":[{\"@type\":\"SearchAction\",\"target\":{\"@type\":\"EntryPoint\",\"urlTemplate\":\"https:\\\/\\\/www.cerameurop.com\\\/en\\\/?s={search_term_string}\"},\"query-input\":{\"@type\":\"PropertyValueSpecification\",\"valueRequired\":true,\"valueName\":\"search_term_string\"}}],\"inLanguage\":\"en-US\"},{\"@type\":\"Organization\",\"@id\":\"https:\\\/\\\/www.cerameurop.com\\\/en\\\/#organization\",\"name\":\"P\u00f4le europ\u00e9en de la c\u00e9ramique\",\"url\":\"https:\\\/\\\/www.cerameurop.com\\\/en\\\/\",\"logo\":{\"@type\":\"ImageObject\",\"inLanguage\":\"en-US\",\"@id\":\"https:\\\/\\\/www.cerameurop.com\\\/en\\\/#\\\/schema\\\/logo\\\/image\\\/\",\"url\":\"https:\\\/\\\/www.cerameurop.com\\\/wp-content\\\/uploads\\\/2025\\\/12\\\/LOGO_POLE_EUROPEEN_DE_LA_CERAMIQUE-1024x450-1.webp\",\"contentUrl\":\"https:\\\/\\\/www.cerameurop.com\\\/wp-content\\\/uploads\\\/2025\\\/12\\\/LOGO_POLE_EUROPEEN_DE_LA_CERAMIQUE-1024x450-1.webp\",\"width\":1024,\"height\":450,\"caption\":\"P\u00f4le europ\u00e9en de la c\u00e9ramique\"},\"image\":{\"@id\":\"https:\\\/\\\/www.cerameurop.com\\\/en\\\/#\\\/schema\\\/logo\\\/image\\\/\"},\"sameAs\":[\"https:\\\/\\\/www.facebook.com\\\/profile.php?id=100054339318607\",\"https:\\\/\\\/www.linkedin.com\\\/company\\\/p\u00f4le-europ\u00e9en-de-la-c\u00e9ramique\\\/\"]}]}<\/script>\n<!-- \/ Yoast SEO plugin. -->","yoast_head_json":{"title":"Groupe de Travail Cha\u00eenes de valeur D\u00e9fense | P\u00f4le europ\u00e9en de la c\u00e9ramique","description":"Groupe de Travail Cha\u00eenes de valeur D\u00e9fense est un \u00e9v\u00e9nement organis\u00e9 par le P\u00f4le europ\u00e9en de la c\u00e9ramique \u00e0 destination des professionnels du secteur.","robots":{"index":"index","follow":"follow","max-snippet":"max-snippet:-1","max-image-preview":"max-image-preview:large","max-video-preview":"max-video-preview:-1"},"canonical":"https:\/\/www.cerameurop.com\/en\/evenement\/groupe-de-travail-chaines-de-valeur-defense\/","og_locale":"en_US","og_type":"article","og_title":"Groupe de Travail Cha\u00eenes de valeur D\u00e9fense | P\u00f4le europ\u00e9en de la c\u00e9ramique","og_description":"Groupe de Travail Cha\u00eenes de valeur D\u00e9fense est un \u00e9v\u00e9nement organis\u00e9 par le P\u00f4le europ\u00e9en de la c\u00e9ramique \u00e0 destination des professionnels du secteur.","og_url":"https:\/\/www.cerameurop.com\/en\/evenement\/groupe-de-travail-chaines-de-valeur-defense\/","og_site_name":"P\u00f4le europ\u00e9en de la c\u00e9ramique","article_publisher":"https:\/\/www.facebook.com\/profile.php?id=100054339318607","article_modified_time":"2026-08-25T15:28:44+00:00","og_image":[{"width":1136,"height":640,"url":"https:\/\/www.cerameurop.com\/wp-content\/uploads\/2026\/08\/260909_GT-Defense-Chaines-de-valeur-1.png","type":"image\/png"}],"twitter_card":"summary_large_image","twitter_misc":{"Est. reading time":"1 minute"},"schema":{"@context":"https:\/\/schema.org","@graph":[{"@type":"WebPage","@id":"https:\/\/www.cerameurop.com\/en\/evenement\/groupe-de-travail-chaines-de-valeur-defense\/","url":"https:\/\/www.cerameurop.com\/en\/evenement\/groupe-de-travail-chaines-de-valeur-defense\/","name":"Groupe de Travail Cha\u00eenes de valeur D\u00e9fense | P\u00f4le europ\u00e9en de la c\u00e9ramique","isPartOf":{"@id":"https:\/\/www.cerameurop.com\/en\/#website"},"primaryImageOfPage":{"@id":"https:\/\/www.cerameurop.com\/en\/evenement\/groupe-de-travail-chaines-de-valeur-defense\/#primaryimage"},"image":{"@id":"https:\/\/www.cerameurop.com\/en\/evenement\/groupe-de-travail-chaines-de-valeur-defense\/#primaryimage"},"thumbnailUrl":"https:\/\/www.cerameurop.com\/wp-content\/uploads\/2026\/08\/260909_GT-Defense-Chaines-de-valeur-1.png","datePublished":"2026-08-24T13:31:16+00:00","dateModified":"2026-08-25T15:28:44+00:00","description":"Groupe de Travail Cha\u00eenes de valeur D\u00e9fense est un \u00e9v\u00e9nement organis\u00e9 par le P\u00f4le europ\u00e9en de la c\u00e9ramique \u00e0 destination des professionnels du secteur.","breadcrumb":{"@id":"https:\/\/www.cerameurop.com\/en\/evenement\/groupe-de-travail-chaines-de-valeur-defense\/#breadcrumb"},"inLanguage":"en-US","potentialAction":[{"@type":"ReadAction","target":["https:\/\/www.cerameurop.com\/en\/evenement\/groupe-de-travail-chaines-de-valeur-defense\/"]}]},{"@type":"ImageObject","inLanguage":"en-US","@id":"https:\/\/www.cerameurop.com\/en\/evenement\/groupe-de-travail-chaines-de-valeur-defense\/#primaryimage","url":"https:\/\/www.cerameurop.com\/wp-content\/uploads\/2026\/08\/260909_GT-Defense-Chaines-de-valeur-1.png","contentUrl":"https:\/\/www.cerameurop.com\/wp-content\/uploads\/2026\/08\/260909_GT-Defense-Chaines-de-valeur-1.png","width":1136,"height":640},{"@type":"BreadcrumbList","@id":"https:\/\/www.cerameurop.com\/en\/evenement\/groupe-de-travail-chaines-de-valeur-defense\/#breadcrumb","itemListElement":[{"@type":"ListItem","position":1,"name":"Accueil","item":"https:\/\/www.cerameurop.com\/en\/"},{"@type":"ListItem","position":2,"name":"\u00c9v\u00e8nements","item":"https:\/\/www.cerameurop.com\/en\/evenements\/"},{"@type":"ListItem","position":3,"name":"Groupe de Travail Cha\u00eenes de valeur D\u00e9fense"}]},{"@type":"WebSite","@id":"https:\/\/www.cerameurop.com\/en\/#website","url":"https:\/\/www.cerameurop.com\/en\/","name":"P\u00f4le europ\u00e9en de la c\u00e9ramique","description":"","publisher":{"@id":"https:\/\/www.cerameurop.com\/en\/#organization"},"potentialAction":[{"@type":"SearchAction","target":{"@type":"EntryPoint","urlTemplate":"https:\/\/www.cerameurop.com\/en\/?s={search_term_string}"},"query-input":{"@type":"PropertyValueSpecification","valueRequired":true,"valueName":"search_term_string"}}],"inLanguage":"en-US"},{"@type":"Organization","@id":"https:\/\/www.cerameurop.com\/en\/#organization","name":"P\u00f4le europ\u00e9en de la c\u00e9ramique","url":"https:\/\/www.cerameurop.com\/en\/","logo":{"@type":"ImageObject","inLanguage":"en-US","@id":"https:\/\/www.cerameurop.com\/en\/#\/schema\/logo\/image\/","url":"https:\/\/www.cerameurop.com\/wp-content\/uploads\/2025\/12\/LOGO_POLE_EUROPEEN_DE_LA_CERAMIQUE-1024x450-1.webp","contentUrl":"https:\/\/www.cerameurop.com\/wp-content\/uploads\/2025\/12\/LOGO_POLE_EUROPEEN_DE_LA_CERAMIQUE-1024x450-1.webp","width":1024,"height":450,"caption":"P\u00f4le europ\u00e9en de la c\u00e9ramique"},"image":{"@id":"https:\/\/www.cerameurop.com\/en\/#\/schema\/logo\/image\/"},"sameAs":["https:\/\/www.facebook.com\/profile.php?id=100054339318607","https:\/\/www.linkedin.com\/company\/p\u00f4le-europ\u00e9en-de-la-c\u00e9ramique\/"]}]}},"_links":{"self":[{"href":"https:\/\/www.cerameurop.com\/en\/wp-json\/wp\/v2\/evenement\/17120","targetHints":{"allow":["GET"]}}],"collection":[{"href":"https:\/\/www.cerameurop.com\/en\/wp-json\/wp\/v2\/evenement"}],"about":[{"href":"https:\/\/www.cerameurop.com\/en\/wp-json\/wp\/v2\/types\/evenement"}],"version-history":[{"count":4,"href":"https:\/\/www.cerameurop.com\/en\/wp-json\/wp\/v2\/evenement\/17120\/revisions"}],"predecessor-version":[{"id":17133,"href":"https:\/\/www.cerameurop.com\/en\/wp-json\/wp\/v2\/evenement\/17120\/revisions\/17133"}],"wp:featuredmedia":[{"embeddable":true,"href":"https:\/\/www.cerameurop.com\/en\/wp-json\/wp\/v2\/media\/17122"}],"wp:attachment":[{"href":"https:\/\/www.cerameurop.com\/en\/wp-json\/wp\/v2\/media?parent=17120"}],"wp:term":[{"taxonomy":"post_tag","embeddable":true,"href":"https:\/\/www.cerameurop.com\/en\/wp-json\/wp\/v2\/tags?post=17120"},{"taxonomy":"categorie","embeddable":true,"href":"https:\/\/www.cerameurop.com\/en\/wp-json\/wp\/v2\/categorie?post=17120"}],"curies":[{"name":"wp","href":"https:\/\/api.w.org\/{rel}","templated":true}]}}