{"id":16619,"date":"2026-03-11T17:37:12","date_gmt":"2026-03-11T16:37:12","guid":{"rendered":"https:\/\/www.cerameurop.com\/?post_type=evenement&#038;p=16619"},"modified":"2026-04-23T09:34:57","modified_gmt":"2026-04-23T07:34:57","slug":"forum-des-adherents-2026","status":"publish","type":"evenement","link":"https:\/\/www.cerameurop.com\/en\/evenement\/forum-des-adherents-2026\/","title":{"rendered":"Forum des adh\u00e9rents 2026"},"content":{"rendered":"<p><strong>Le P\u00f4le Europ\u00e9en de la C\u00e9ramique organise son forum des adh\u00e9rents le 21 mai 2026 \u00e0 Limoges au cin\u00e9ma Grand Ecran ESTER. Ce forum permettra aux adh\u00e9rents, utilisateurs de c\u00e9ramiques et partenaires de se retrouver pour \u00e9changer sur les enjeux strat\u00e9giques de la fili\u00e8re avec pour th\u00e9matique \u00ab Les Innovations c\u00e9ramiques \u00e0 l\u2019\u00e9chelle europ\u00e9enne \u00bb<\/strong><\/p>\n","protected":false},"featured_media":16620,"template":"","tags":[303],"categorie":[1196],"class_list":["post-16619","evenement","type-evenement","status-publish","has-post-thumbnail","hentry","tag-en-vedette","categorie-forum-des-adherents"],"acf":[],"yoast_head":"<!-- This site is optimized with the Yoast SEO plugin v27.5 - https:\/\/yoast.com\/product\/yoast-seo-wordpress\/ -->\n<title>Forum des adh\u00e9rents 2026 | P\u00f4le europ\u00e9en de la c\u00e9ramique<\/title>\n<meta name=\"description\" content=\"Forum des adh\u00e9rents 2026 est un \u00e9v\u00e9nement organis\u00e9 par le P\u00f4le europ\u00e9en de la c\u00e9ramique \u00e0 destination des professionnels du secteur.\" \/>\n<meta name=\"robots\" content=\"index, follow, max-snippet:-1, max-image-preview:large, max-video-preview:-1\" \/>\n<link rel=\"canonical\" href=\"https:\/\/www.cerameurop.com\/en\/evenement\/forum-des-adherents-2026\/\" \/>\n<meta property=\"og:locale\" content=\"en_US\" \/>\n<meta property=\"og:type\" content=\"article\" \/>\n<meta property=\"og:title\" content=\"Forum des adh\u00e9rents 2026 | P\u00f4le europ\u00e9en de la c\u00e9ramique\" \/>\n<meta property=\"og:description\" content=\"Forum des adh\u00e9rents 2026 est un \u00e9v\u00e9nement organis\u00e9 par le P\u00f4le europ\u00e9en de la c\u00e9ramique \u00e0 destination des professionnels du secteur.\" \/>\n<meta property=\"og:url\" content=\"https:\/\/www.cerameurop.com\/en\/evenement\/forum-des-adherents-2026\/\" \/>\n<meta property=\"og:site_name\" content=\"P\u00f4le europ\u00e9en de la c\u00e9ramique\" \/>\n<meta property=\"article:publisher\" content=\"https:\/\/www.facebook.com\/profile.php?id=100054339318607\" \/>\n<meta property=\"article:modified_time\" content=\"2026-04-23T07:34:57+00:00\" \/>\n<meta property=\"og:image\" content=\"https:\/\/www.cerameurop.com\/wp-content\/uploads\/2026\/03\/260521_Forum-des-adherents-2026_Bandeau.webp\" \/>\n\t<meta property=\"og:image:width\" content=\"1136\" \/>\n\t<meta property=\"og:image:height\" content=\"640\" \/>\n\t<meta property=\"og:image:type\" content=\"image\/webp\" \/>\n<meta name=\"twitter:card\" content=\"summary_large_image\" \/>\n<meta name=\"twitter:label1\" content=\"Est. reading time\" \/>\n\t<meta name=\"twitter:data1\" content=\"1 minute\" \/>\n<script type=\"application\/ld+json\" class=\"yoast-schema-graph\">{\"@context\":\"https:\\\/\\\/schema.org\",\"@graph\":[{\"@type\":\"WebPage\",\"@id\":\"https:\\\/\\\/www.cerameurop.com\\\/en\\\/evenement\\\/forum-des-adherents-2026\\\/\",\"url\":\"https:\\\/\\\/www.cerameurop.com\\\/en\\\/evenement\\\/forum-des-adherents-2026\\\/\",\"name\":\"Forum des adh\u00e9rents 2026 | P\u00f4le europ\u00e9en de la c\u00e9ramique\",\"isPartOf\":{\"@id\":\"https:\\\/\\\/www.cerameurop.com\\\/en\\\/#website\"},\"primaryImageOfPage\":{\"@id\":\"https:\\\/\\\/www.cerameurop.com\\\/en\\\/evenement\\\/forum-des-adherents-2026\\\/#primaryimage\"},\"image\":{\"@id\":\"https:\\\/\\\/www.cerameurop.com\\\/en\\\/evenement\\\/forum-des-adherents-2026\\\/#primaryimage\"},\"thumbnailUrl\":\"https:\\\/\\\/www.cerameurop.com\\\/wp-content\\\/uploads\\\/2026\\\/03\\\/260521_Forum-des-adherents-2026_Bandeau.webp\",\"datePublished\":\"2026-03-11T16:37:12+00:00\",\"dateModified\":\"2026-04-23T07:34:57+00:00\",\"description\":\"Forum des adh\u00e9rents 2026 est un \u00e9v\u00e9nement organis\u00e9 par le P\u00f4le europ\u00e9en de la c\u00e9ramique \u00e0 destination des professionnels du secteur.\",\"breadcrumb\":{\"@id\":\"https:\\\/\\\/www.cerameurop.com\\\/en\\\/evenement\\\/forum-des-adherents-2026\\\/#breadcrumb\"},\"inLanguage\":\"en-US\",\"potentialAction\":[{\"@type\":\"ReadAction\",\"target\":[\"https:\\\/\\\/www.cerameurop.com\\\/en\\\/evenement\\\/forum-des-adherents-2026\\\/\"]}]},{\"@type\":\"ImageObject\",\"inLanguage\":\"en-US\",\"@id\":\"https:\\\/\\\/www.cerameurop.com\\\/en\\\/evenement\\\/forum-des-adherents-2026\\\/#primaryimage\",\"url\":\"https:\\\/\\\/www.cerameurop.com\\\/wp-content\\\/uploads\\\/2026\\\/03\\\/260521_Forum-des-adherents-2026_Bandeau.webp\",\"contentUrl\":\"https:\\\/\\\/www.cerameurop.com\\\/wp-content\\\/uploads\\\/2026\\\/03\\\/260521_Forum-des-adherents-2026_Bandeau.webp\",\"width\":1136,\"height\":640},{\"@type\":\"BreadcrumbList\",\"@id\":\"https:\\\/\\\/www.cerameurop.com\\\/en\\\/evenement\\\/forum-des-adherents-2026\\\/#breadcrumb\",\"itemListElement\":[{\"@type\":\"ListItem\",\"position\":1,\"name\":\"Accueil\",\"item\":\"https:\\\/\\\/www.cerameurop.com\\\/en\\\/\"},{\"@type\":\"ListItem\",\"position\":2,\"name\":\"\u00c9v\u00e8nements\",\"item\":\"https:\\\/\\\/www.cerameurop.com\\\/en\\\/evenements\\\/\"},{\"@type\":\"ListItem\",\"position\":3,\"name\":\"Forum des adh\u00e9rents 2026\"}]},{\"@type\":\"WebSite\",\"@id\":\"https:\\\/\\\/www.cerameurop.com\\\/en\\\/#website\",\"url\":\"https:\\\/\\\/www.cerameurop.com\\\/en\\\/\",\"name\":\"P\u00f4le europ\u00e9en de la c\u00e9ramique\",\"description\":\"\",\"publisher\":{\"@id\":\"https:\\\/\\\/www.cerameurop.com\\\/en\\\/#organization\"},\"potentialAction\":[{\"@type\":\"SearchAction\",\"target\":{\"@type\":\"EntryPoint\",\"urlTemplate\":\"https:\\\/\\\/www.cerameurop.com\\\/en\\\/?s={search_term_string}\"},\"query-input\":{\"@type\":\"PropertyValueSpecification\",\"valueRequired\":true,\"valueName\":\"search_term_string\"}}],\"inLanguage\":\"en-US\"},{\"@type\":\"Organization\",\"@id\":\"https:\\\/\\\/www.cerameurop.com\\\/en\\\/#organization\",\"name\":\"P\u00f4le europ\u00e9en de la c\u00e9ramique\",\"url\":\"https:\\\/\\\/www.cerameurop.com\\\/en\\\/\",\"logo\":{\"@type\":\"ImageObject\",\"inLanguage\":\"en-US\",\"@id\":\"https:\\\/\\\/www.cerameurop.com\\\/en\\\/#\\\/schema\\\/logo\\\/image\\\/\",\"url\":\"https:\\\/\\\/www.cerameurop.com\\\/wp-content\\\/uploads\\\/2025\\\/12\\\/LOGO_POLE_EUROPEEN_DE_LA_CERAMIQUE-1024x450-1.webp\",\"contentUrl\":\"https:\\\/\\\/www.cerameurop.com\\\/wp-content\\\/uploads\\\/2025\\\/12\\\/LOGO_POLE_EUROPEEN_DE_LA_CERAMIQUE-1024x450-1.webp\",\"width\":1024,\"height\":450,\"caption\":\"P\u00f4le europ\u00e9en de la c\u00e9ramique\"},\"image\":{\"@id\":\"https:\\\/\\\/www.cerameurop.com\\\/en\\\/#\\\/schema\\\/logo\\\/image\\\/\"},\"sameAs\":[\"https:\\\/\\\/www.facebook.com\\\/profile.php?id=100054339318607\",\"https:\\\/\\\/www.linkedin.com\\\/company\\\/p\u00f4le-europ\u00e9en-de-la-c\u00e9ramique\\\/\"]}]}<\/script>\n<!-- \/ Yoast SEO plugin. -->","yoast_head_json":{"title":"Forum des adh\u00e9rents 2026 | P\u00f4le europ\u00e9en de la c\u00e9ramique","description":"Forum des adh\u00e9rents 2026 est un \u00e9v\u00e9nement organis\u00e9 par le P\u00f4le europ\u00e9en de la c\u00e9ramique \u00e0 destination des professionnels du secteur.","robots":{"index":"index","follow":"follow","max-snippet":"max-snippet:-1","max-image-preview":"max-image-preview:large","max-video-preview":"max-video-preview:-1"},"canonical":"https:\/\/www.cerameurop.com\/en\/evenement\/forum-des-adherents-2026\/","og_locale":"en_US","og_type":"article","og_title":"Forum des adh\u00e9rents 2026 | P\u00f4le europ\u00e9en de la c\u00e9ramique","og_description":"Forum des adh\u00e9rents 2026 est un \u00e9v\u00e9nement organis\u00e9 par le P\u00f4le europ\u00e9en de la c\u00e9ramique \u00e0 destination des professionnels du secteur.","og_url":"https:\/\/www.cerameurop.com\/en\/evenement\/forum-des-adherents-2026\/","og_site_name":"P\u00f4le europ\u00e9en de la c\u00e9ramique","article_publisher":"https:\/\/www.facebook.com\/profile.php?id=100054339318607","article_modified_time":"2026-04-23T07:34:57+00:00","og_image":[{"width":1136,"height":640,"url":"https:\/\/www.cerameurop.com\/wp-content\/uploads\/2026\/03\/260521_Forum-des-adherents-2026_Bandeau.webp","type":"image\/webp"}],"twitter_card":"summary_large_image","twitter_misc":{"Est. reading time":"1 minute"},"schema":{"@context":"https:\/\/schema.org","@graph":[{"@type":"WebPage","@id":"https:\/\/www.cerameurop.com\/en\/evenement\/forum-des-adherents-2026\/","url":"https:\/\/www.cerameurop.com\/en\/evenement\/forum-des-adherents-2026\/","name":"Forum des adh\u00e9rents 2026 | P\u00f4le europ\u00e9en de la c\u00e9ramique","isPartOf":{"@id":"https:\/\/www.cerameurop.com\/en\/#website"},"primaryImageOfPage":{"@id":"https:\/\/www.cerameurop.com\/en\/evenement\/forum-des-adherents-2026\/#primaryimage"},"image":{"@id":"https:\/\/www.cerameurop.com\/en\/evenement\/forum-des-adherents-2026\/#primaryimage"},"thumbnailUrl":"https:\/\/www.cerameurop.com\/wp-content\/uploads\/2026\/03\/260521_Forum-des-adherents-2026_Bandeau.webp","datePublished":"2026-03-11T16:37:12+00:00","dateModified":"2026-04-23T07:34:57+00:00","description":"Forum des adh\u00e9rents 2026 est un \u00e9v\u00e9nement organis\u00e9 par le P\u00f4le europ\u00e9en de la c\u00e9ramique \u00e0 destination des professionnels du secteur.","breadcrumb":{"@id":"https:\/\/www.cerameurop.com\/en\/evenement\/forum-des-adherents-2026\/#breadcrumb"},"inLanguage":"en-US","potentialAction":[{"@type":"ReadAction","target":["https:\/\/www.cerameurop.com\/en\/evenement\/forum-des-adherents-2026\/"]}]},{"@type":"ImageObject","inLanguage":"en-US","@id":"https:\/\/www.cerameurop.com\/en\/evenement\/forum-des-adherents-2026\/#primaryimage","url":"https:\/\/www.cerameurop.com\/wp-content\/uploads\/2026\/03\/260521_Forum-des-adherents-2026_Bandeau.webp","contentUrl":"https:\/\/www.cerameurop.com\/wp-content\/uploads\/2026\/03\/260521_Forum-des-adherents-2026_Bandeau.webp","width":1136,"height":640},{"@type":"BreadcrumbList","@id":"https:\/\/www.cerameurop.com\/en\/evenement\/forum-des-adherents-2026\/#breadcrumb","itemListElement":[{"@type":"ListItem","position":1,"name":"Accueil","item":"https:\/\/www.cerameurop.com\/en\/"},{"@type":"ListItem","position":2,"name":"\u00c9v\u00e8nements","item":"https:\/\/www.cerameurop.com\/en\/evenements\/"},{"@type":"ListItem","position":3,"name":"Forum des adh\u00e9rents 2026"}]},{"@type":"WebSite","@id":"https:\/\/www.cerameurop.com\/en\/#website","url":"https:\/\/www.cerameurop.com\/en\/","name":"P\u00f4le europ\u00e9en de la c\u00e9ramique","description":"","publisher":{"@id":"https:\/\/www.cerameurop.com\/en\/#organization"},"potentialAction":[{"@type":"SearchAction","target":{"@type":"EntryPoint","urlTemplate":"https:\/\/www.cerameurop.com\/en\/?s={search_term_string}"},"query-input":{"@type":"PropertyValueSpecification","valueRequired":true,"valueName":"search_term_string"}}],"inLanguage":"en-US"},{"@type":"Organization","@id":"https:\/\/www.cerameurop.com\/en\/#organization","name":"P\u00f4le europ\u00e9en de la c\u00e9ramique","url":"https:\/\/www.cerameurop.com\/en\/","logo":{"@type":"ImageObject","inLanguage":"en-US","@id":"https:\/\/www.cerameurop.com\/en\/#\/schema\/logo\/image\/","url":"https:\/\/www.cerameurop.com\/wp-content\/uploads\/2025\/12\/LOGO_POLE_EUROPEEN_DE_LA_CERAMIQUE-1024x450-1.webp","contentUrl":"https:\/\/www.cerameurop.com\/wp-content\/uploads\/2025\/12\/LOGO_POLE_EUROPEEN_DE_LA_CERAMIQUE-1024x450-1.webp","width":1024,"height":450,"caption":"P\u00f4le europ\u00e9en de la c\u00e9ramique"},"image":{"@id":"https:\/\/www.cerameurop.com\/en\/#\/schema\/logo\/image\/"},"sameAs":["https:\/\/www.facebook.com\/profile.php?id=100054339318607","https:\/\/www.linkedin.com\/company\/p\u00f4le-europ\u00e9en-de-la-c\u00e9ramique\/"]}]}},"_links":{"self":[{"href":"https:\/\/www.cerameurop.com\/en\/wp-json\/wp\/v2\/evenement\/16619","targetHints":{"allow":["GET"]}}],"collection":[{"href":"https:\/\/www.cerameurop.com\/en\/wp-json\/wp\/v2\/evenement"}],"about":[{"href":"https:\/\/www.cerameurop.com\/en\/wp-json\/wp\/v2\/types\/evenement"}],"version-history":[{"count":9,"href":"https:\/\/www.cerameurop.com\/en\/wp-json\/wp\/v2\/evenement\/16619\/revisions"}],"predecessor-version":[{"id":16864,"href":"https:\/\/www.cerameurop.com\/en\/wp-json\/wp\/v2\/evenement\/16619\/revisions\/16864"}],"wp:featuredmedia":[{"embeddable":true,"href":"https:\/\/www.cerameurop.com\/en\/wp-json\/wp\/v2\/media\/16620"}],"wp:attachment":[{"href":"https:\/\/www.cerameurop.com\/en\/wp-json\/wp\/v2\/media?parent=16619"}],"wp:term":[{"taxonomy":"post_tag","embeddable":true,"href":"https:\/\/www.cerameurop.com\/en\/wp-json\/wp\/v2\/tags?post=16619"},{"taxonomy":"categorie","embeddable":true,"href":"https:\/\/www.cerameurop.com\/en\/wp-json\/wp\/v2\/categorie?post=16619"}],"curies":[{"name":"wp","href":"https:\/\/api.w.org\/{rel}","templated":true}]}}