{"id":11360,"date":"2026-01-25T17:23:18","date_gmt":"2026-01-25T16:23:18","guid":{"rendered":"https:\/\/cerameurop.com\/?p=11360"},"modified":"2026-03-17T17:19:07","modified_gmt":"2026-03-17T16:19:07","slug":"les-rencontres-laboratoires-entreprises-de-la-transition-energetique","status":"publish","type":"evenement","link":"https:\/\/www.cerameurop.com\/en\/evenement\/les-rencontres-laboratoires-entreprises-de-la-transition-energetique\/","title":{"rendered":"Les rencontres Laboratoires-Entreprises de la transition \u00e9nerg\u00e9tique"},"content":{"rendered":"<p style=\"text-align: left;\">Le R3 TESNA, les p\u00f4les de comp\u00e9titivit\u00e9 AVENIA,SMART POWER, AlphaRLH, P\u00f4le Europ\u00e9en de la C\u00e9ramique, ID4 Mobility et le cluster Energies&amp;Stockage vous donnent rendez-vous le <strong>27 avril 2026 \u00e0 l&#8217;H\u00f4tel de R\u00e9gion de Bordeaux<\/strong>.<\/p>\n<p><span style=\"color: #000000;\"><strong>Unissons nos \u00e9nergies pour inventer les solutions de demain!<\/strong><\/span><\/p>\n<p><span style=\"color: #000000;\">\u00a0Au programme :<\/span><\/p>\n<ul>\n<li><span style=\"color: #000000;\"><strong>D\u00e9couverte des comp\u00e9tences des laboratoires n\u00e9oaquitains<\/strong> \u2013 rencontrez les \u00e9quipes de recherche qui innovent sur la production et le stockage de l\u2019\u00e9nergie, l\u2019efficacit\u00e9 \u00e9nerg\u00e9tique, les r\u00e9seaux intelligents et bien plus encore.<\/span><\/li>\n<li><span style=\"color: #000000;\"><strong>Pitchs d\u2019entreprises innovantes<\/strong> \u2013 d\u00e9couvrez des start-ups et PME qui proposent des solutions concr\u00e8tes et inspirantes.<\/span><\/li>\n<li><span style=\"color: #000000;\"><strong>Rencontres et retours d\u2019exp\u00e9rience<\/strong> \u2013 inspirez-vous de collaborations r\u00e9ussies entre laboratoires et entreprises, et identifiez de nouvelles opportunit\u00e9s de partenariat.<\/span><\/li>\n<li><span style=\"color: #000000;\"><strong>Acc\u00e9l\u00e9rez vos projets<\/strong> \u2013 transformez vos id\u00e9es en solutions concr\u00e8tes gr\u00e2ce \u00e0 l\u2019\u00e9cosyst\u00e8me r\u00e9gional et aux dispositifs d\u2019accompagnement existants.<\/span><\/li>\n<\/ul>\n<p>&nbsp;<\/p>\n<p><span style=\"color: #000000;\"><strong>Un rendez-vous \u00e0 ne pas manquer pour construire ensemble les technologies et les mod\u00e8les \u00e9nerg\u00e9tiques d\u2019un futur durable.<\/strong><\/span><\/p>\n<p><span style=\"color: #ffffff;\"><strong>CONTACT<br \/>\n<\/strong><\/span><span style=\"color: #ffffff;\"><b>contact@cerameurop.com<\/b><\/span><\/p>\n<p>&nbsp;<\/p>\n","protected":false},"featured_media":12302,"template":"","tags":[],"categorie":[10],"class_list":["post-11360","evenement","type-evenement","status-publish","has-post-thumbnail","hentry","categorie-journee"],"acf":[],"yoast_head":"<!-- This site is optimized with the Yoast SEO plugin v27.2 - https:\/\/yoast.com\/product\/yoast-seo-wordpress\/ -->\n<title>Les rencontres Laboratoires-Entreprises de la transition \u00e9nerg\u00e9tique | P\u00f4le europ\u00e9en de la c\u00e9ramique<\/title>\n<meta name=\"description\" content=\"Les rencontres Laboratoires-Entreprises de la transition \u00e9nerg\u00e9tique est un \u00e9v\u00e9nement organis\u00e9 par le P\u00f4le europ\u00e9en de la c\u00e9ramique \u00e0 destination des professionnels du secteur.\" \/>\n<meta name=\"robots\" content=\"index, follow, max-snippet:-1, max-image-preview:large, max-video-preview:-1\" \/>\n<link rel=\"canonical\" href=\"https:\/\/www.cerameurop.com\/en\/evenement\/les-rencontres-laboratoires-entreprises-de-la-transition-energetique\/\" \/>\n<meta property=\"og:locale\" content=\"en_US\" \/>\n<meta property=\"og:type\" content=\"article\" \/>\n<meta property=\"og:title\" content=\"Les rencontres Laboratoires-Entreprises de la transition \u00e9nerg\u00e9tique | P\u00f4le europ\u00e9en de la c\u00e9ramique\" \/>\n<meta property=\"og:description\" content=\"Les rencontres Laboratoires-Entreprises de la transition \u00e9nerg\u00e9tique est un \u00e9v\u00e9nement organis\u00e9 par le P\u00f4le europ\u00e9en de la c\u00e9ramique \u00e0 destination des professionnels du secteur.\" \/>\n<meta property=\"og:url\" content=\"https:\/\/www.cerameurop.com\/en\/evenement\/les-rencontres-laboratoires-entreprises-de-la-transition-energetique\/\" \/>\n<meta property=\"og:site_name\" content=\"P\u00f4le europ\u00e9en de la c\u00e9ramique\" \/>\n<meta property=\"article:publisher\" content=\"https:\/\/www.facebook.com\/profile.php?id=100054339318607\" \/>\n<meta property=\"article:modified_time\" content=\"2026-03-17T16:19:07+00:00\" \/>\n<meta property=\"og:image\" content=\"https:\/\/www.cerameurop.com\/wp-content\/uploads\/2025\/12\/Visuel-Rencontres-Laboratoires-Entreprises_avec-nouvelle-date.webp\" \/>\n\t<meta property=\"og:image:width\" content=\"1213\" \/>\n\t<meta property=\"og:image:height\" content=\"387\" \/>\n\t<meta property=\"og:image:type\" content=\"image\/webp\" \/>\n<meta name=\"twitter:card\" content=\"summary_large_image\" \/>\n<meta name=\"twitter:label1\" content=\"Est. reading time\" \/>\n\t<meta name=\"twitter:data1\" content=\"1 minute\" \/>\n<script type=\"application\/ld+json\" class=\"yoast-schema-graph\">{\"@context\":\"https:\/\/schema.org\",\"@graph\":[{\"@type\":\"WebPage\",\"@id\":\"https:\/\/www.cerameurop.com\/en\/evenement\/les-rencontres-laboratoires-entreprises-de-la-transition-energetique\/\",\"url\":\"https:\/\/www.cerameurop.com\/en\/evenement\/les-rencontres-laboratoires-entreprises-de-la-transition-energetique\/\",\"name\":\"Les rencontres Laboratoires-Entreprises de la transition \u00e9nerg\u00e9tique | P\u00f4le europ\u00e9en de la c\u00e9ramique\",\"isPartOf\":{\"@id\":\"https:\/\/www.cerameurop.com\/en\/#website\"},\"primaryImageOfPage\":{\"@id\":\"https:\/\/www.cerameurop.com\/en\/evenement\/les-rencontres-laboratoires-entreprises-de-la-transition-energetique\/#primaryimage\"},\"image\":{\"@id\":\"https:\/\/www.cerameurop.com\/en\/evenement\/les-rencontres-laboratoires-entreprises-de-la-transition-energetique\/#primaryimage\"},\"thumbnailUrl\":\"https:\/\/www.cerameurop.com\/wp-content\/uploads\/2025\/12\/Visuel-Rencontres-Laboratoires-Entreprises_avec-nouvelle-date.webp\",\"datePublished\":\"2026-01-25T16:23:18+00:00\",\"dateModified\":\"2026-03-17T16:19:07+00:00\",\"description\":\"Les rencontres Laboratoires-Entreprises de la transition \u00e9nerg\u00e9tique est un \u00e9v\u00e9nement organis\u00e9 par le P\u00f4le europ\u00e9en de la c\u00e9ramique \u00e0 destination des professionnels du secteur.\",\"breadcrumb\":{\"@id\":\"https:\/\/www.cerameurop.com\/en\/evenement\/les-rencontres-laboratoires-entreprises-de-la-transition-energetique\/#breadcrumb\"},\"inLanguage\":\"en-US\",\"potentialAction\":[{\"@type\":\"ReadAction\",\"target\":[\"https:\/\/www.cerameurop.com\/en\/evenement\/les-rencontres-laboratoires-entreprises-de-la-transition-energetique\/\"]}]},{\"@type\":\"ImageObject\",\"inLanguage\":\"en-US\",\"@id\":\"https:\/\/www.cerameurop.com\/en\/evenement\/les-rencontres-laboratoires-entreprises-de-la-transition-energetique\/#primaryimage\",\"url\":\"https:\/\/www.cerameurop.com\/wp-content\/uploads\/2025\/12\/Visuel-Rencontres-Laboratoires-Entreprises_avec-nouvelle-date.webp\",\"contentUrl\":\"https:\/\/www.cerameurop.com\/wp-content\/uploads\/2025\/12\/Visuel-Rencontres-Laboratoires-Entreprises_avec-nouvelle-date.webp\",\"width\":1213,\"height\":387},{\"@type\":\"BreadcrumbList\",\"@id\":\"https:\/\/www.cerameurop.com\/en\/evenement\/les-rencontres-laboratoires-entreprises-de-la-transition-energetique\/#breadcrumb\",\"itemListElement\":[{\"@type\":\"ListItem\",\"position\":1,\"name\":\"Accueil\",\"item\":\"https:\/\/www.cerameurop.com\/en\/\"},{\"@type\":\"ListItem\",\"position\":2,\"name\":\"\u00c9v\u00e8nements\",\"item\":\"https:\/\/www.cerameurop.com\/en\/evenements\/\"},{\"@type\":\"ListItem\",\"position\":3,\"name\":\"Les rencontres Laboratoires-Entreprises de la transition \u00e9nerg\u00e9tique\"}]},{\"@type\":\"WebSite\",\"@id\":\"https:\/\/www.cerameurop.com\/en\/#website\",\"url\":\"https:\/\/www.cerameurop.com\/en\/\",\"name\":\"P\u00f4le europ\u00e9en de la c\u00e9ramique\",\"description\":\"\",\"publisher\":{\"@id\":\"https:\/\/www.cerameurop.com\/en\/#organization\"},\"potentialAction\":[{\"@type\":\"SearchAction\",\"target\":{\"@type\":\"EntryPoint\",\"urlTemplate\":\"https:\/\/www.cerameurop.com\/en\/?s={search_term_string}\"},\"query-input\":{\"@type\":\"PropertyValueSpecification\",\"valueRequired\":true,\"valueName\":\"search_term_string\"}}],\"inLanguage\":\"en-US\"},{\"@type\":\"Organization\",\"@id\":\"https:\/\/www.cerameurop.com\/en\/#organization\",\"name\":\"P\u00f4le europ\u00e9en de la c\u00e9ramique\",\"url\":\"https:\/\/www.cerameurop.com\/en\/\",\"logo\":{\"@type\":\"ImageObject\",\"inLanguage\":\"en-US\",\"@id\":\"https:\/\/www.cerameurop.com\/en\/#\/schema\/logo\/image\/\",\"url\":\"https:\/\/www.cerameurop.com\/wp-content\/uploads\/2025\/12\/LOGO_POLE_EUROPEEN_DE_LA_CERAMIQUE-1024x450-1.webp\",\"contentUrl\":\"https:\/\/www.cerameurop.com\/wp-content\/uploads\/2025\/12\/LOGO_POLE_EUROPEEN_DE_LA_CERAMIQUE-1024x450-1.webp\",\"width\":1024,\"height\":450,\"caption\":\"P\u00f4le europ\u00e9en de la c\u00e9ramique\"},\"image\":{\"@id\":\"https:\/\/www.cerameurop.com\/en\/#\/schema\/logo\/image\/\"},\"sameAs\":[\"https:\/\/www.facebook.com\/profile.php?id=100054339318607\",\"https:\/\/www.linkedin.com\/company\/p\u00f4le-europ\u00e9en-de-la-c\u00e9ramique\/\"]}]}<\/script>\n<!-- \/ Yoast SEO plugin. -->","yoast_head_json":{"title":"Les rencontres Laboratoires-Entreprises de la transition \u00e9nerg\u00e9tique | P\u00f4le europ\u00e9en de la c\u00e9ramique","description":"Les rencontres Laboratoires-Entreprises de la transition \u00e9nerg\u00e9tique est un \u00e9v\u00e9nement organis\u00e9 par le P\u00f4le europ\u00e9en de la c\u00e9ramique \u00e0 destination des professionnels du secteur.","robots":{"index":"index","follow":"follow","max-snippet":"max-snippet:-1","max-image-preview":"max-image-preview:large","max-video-preview":"max-video-preview:-1"},"canonical":"https:\/\/www.cerameurop.com\/en\/evenement\/les-rencontres-laboratoires-entreprises-de-la-transition-energetique\/","og_locale":"en_US","og_type":"article","og_title":"Les rencontres Laboratoires-Entreprises de la transition \u00e9nerg\u00e9tique | P\u00f4le europ\u00e9en de la c\u00e9ramique","og_description":"Les rencontres Laboratoires-Entreprises de la transition \u00e9nerg\u00e9tique est un \u00e9v\u00e9nement organis\u00e9 par le P\u00f4le europ\u00e9en de la c\u00e9ramique \u00e0 destination des professionnels du secteur.","og_url":"https:\/\/www.cerameurop.com\/en\/evenement\/les-rencontres-laboratoires-entreprises-de-la-transition-energetique\/","og_site_name":"P\u00f4le europ\u00e9en de la c\u00e9ramique","article_publisher":"https:\/\/www.facebook.com\/profile.php?id=100054339318607","article_modified_time":"2026-03-17T16:19:07+00:00","og_image":[{"width":1213,"height":387,"url":"https:\/\/www.cerameurop.com\/wp-content\/uploads\/2025\/12\/Visuel-Rencontres-Laboratoires-Entreprises_avec-nouvelle-date.webp","type":"image\/webp"}],"twitter_card":"summary_large_image","twitter_misc":{"Est. reading time":"1 minute"},"schema":{"@context":"https:\/\/schema.org","@graph":[{"@type":"WebPage","@id":"https:\/\/www.cerameurop.com\/en\/evenement\/les-rencontres-laboratoires-entreprises-de-la-transition-energetique\/","url":"https:\/\/www.cerameurop.com\/en\/evenement\/les-rencontres-laboratoires-entreprises-de-la-transition-energetique\/","name":"Les rencontres Laboratoires-Entreprises de la transition \u00e9nerg\u00e9tique | P\u00f4le europ\u00e9en de la c\u00e9ramique","isPartOf":{"@id":"https:\/\/www.cerameurop.com\/en\/#website"},"primaryImageOfPage":{"@id":"https:\/\/www.cerameurop.com\/en\/evenement\/les-rencontres-laboratoires-entreprises-de-la-transition-energetique\/#primaryimage"},"image":{"@id":"https:\/\/www.cerameurop.com\/en\/evenement\/les-rencontres-laboratoires-entreprises-de-la-transition-energetique\/#primaryimage"},"thumbnailUrl":"https:\/\/www.cerameurop.com\/wp-content\/uploads\/2025\/12\/Visuel-Rencontres-Laboratoires-Entreprises_avec-nouvelle-date.webp","datePublished":"2026-01-25T16:23:18+00:00","dateModified":"2026-03-17T16:19:07+00:00","description":"Les rencontres Laboratoires-Entreprises de la transition \u00e9nerg\u00e9tique est un \u00e9v\u00e9nement organis\u00e9 par le P\u00f4le europ\u00e9en de la c\u00e9ramique \u00e0 destination des professionnels du secteur.","breadcrumb":{"@id":"https:\/\/www.cerameurop.com\/en\/evenement\/les-rencontres-laboratoires-entreprises-de-la-transition-energetique\/#breadcrumb"},"inLanguage":"en-US","potentialAction":[{"@type":"ReadAction","target":["https:\/\/www.cerameurop.com\/en\/evenement\/les-rencontres-laboratoires-entreprises-de-la-transition-energetique\/"]}]},{"@type":"ImageObject","inLanguage":"en-US","@id":"https:\/\/www.cerameurop.com\/en\/evenement\/les-rencontres-laboratoires-entreprises-de-la-transition-energetique\/#primaryimage","url":"https:\/\/www.cerameurop.com\/wp-content\/uploads\/2025\/12\/Visuel-Rencontres-Laboratoires-Entreprises_avec-nouvelle-date.webp","contentUrl":"https:\/\/www.cerameurop.com\/wp-content\/uploads\/2025\/12\/Visuel-Rencontres-Laboratoires-Entreprises_avec-nouvelle-date.webp","width":1213,"height":387},{"@type":"BreadcrumbList","@id":"https:\/\/www.cerameurop.com\/en\/evenement\/les-rencontres-laboratoires-entreprises-de-la-transition-energetique\/#breadcrumb","itemListElement":[{"@type":"ListItem","position":1,"name":"Accueil","item":"https:\/\/www.cerameurop.com\/en\/"},{"@type":"ListItem","position":2,"name":"\u00c9v\u00e8nements","item":"https:\/\/www.cerameurop.com\/en\/evenements\/"},{"@type":"ListItem","position":3,"name":"Les rencontres Laboratoires-Entreprises de la transition \u00e9nerg\u00e9tique"}]},{"@type":"WebSite","@id":"https:\/\/www.cerameurop.com\/en\/#website","url":"https:\/\/www.cerameurop.com\/en\/","name":"P\u00f4le europ\u00e9en de la c\u00e9ramique","description":"","publisher":{"@id":"https:\/\/www.cerameurop.com\/en\/#organization"},"potentialAction":[{"@type":"SearchAction","target":{"@type":"EntryPoint","urlTemplate":"https:\/\/www.cerameurop.com\/en\/?s={search_term_string}"},"query-input":{"@type":"PropertyValueSpecification","valueRequired":true,"valueName":"search_term_string"}}],"inLanguage":"en-US"},{"@type":"Organization","@id":"https:\/\/www.cerameurop.com\/en\/#organization","name":"P\u00f4le europ\u00e9en de la c\u00e9ramique","url":"https:\/\/www.cerameurop.com\/en\/","logo":{"@type":"ImageObject","inLanguage":"en-US","@id":"https:\/\/www.cerameurop.com\/en\/#\/schema\/logo\/image\/","url":"https:\/\/www.cerameurop.com\/wp-content\/uploads\/2025\/12\/LOGO_POLE_EUROPEEN_DE_LA_CERAMIQUE-1024x450-1.webp","contentUrl":"https:\/\/www.cerameurop.com\/wp-content\/uploads\/2025\/12\/LOGO_POLE_EUROPEEN_DE_LA_CERAMIQUE-1024x450-1.webp","width":1024,"height":450,"caption":"P\u00f4le europ\u00e9en de la c\u00e9ramique"},"image":{"@id":"https:\/\/www.cerameurop.com\/en\/#\/schema\/logo\/image\/"},"sameAs":["https:\/\/www.facebook.com\/profile.php?id=100054339318607","https:\/\/www.linkedin.com\/company\/p\u00f4le-europ\u00e9en-de-la-c\u00e9ramique\/"]}]}},"_links":{"self":[{"href":"https:\/\/www.cerameurop.com\/en\/wp-json\/wp\/v2\/evenement\/11360","targetHints":{"allow":["GET"]}}],"collection":[{"href":"https:\/\/www.cerameurop.com\/en\/wp-json\/wp\/v2\/evenement"}],"about":[{"href":"https:\/\/www.cerameurop.com\/en\/wp-json\/wp\/v2\/types\/evenement"}],"version-history":[{"count":16,"href":"https:\/\/www.cerameurop.com\/en\/wp-json\/wp\/v2\/evenement\/11360\/revisions"}],"predecessor-version":[{"id":16729,"href":"https:\/\/www.cerameurop.com\/en\/wp-json\/wp\/v2\/evenement\/11360\/revisions\/16729"}],"wp:featuredmedia":[{"embeddable":true,"href":"https:\/\/www.cerameurop.com\/en\/wp-json\/wp\/v2\/media\/12302"}],"wp:attachment":[{"href":"https:\/\/www.cerameurop.com\/en\/wp-json\/wp\/v2\/media?parent=11360"}],"wp:term":[{"taxonomy":"post_tag","embeddable":true,"href":"https:\/\/www.cerameurop.com\/en\/wp-json\/wp\/v2\/tags?post=11360"},{"taxonomy":"categorie","embeddable":true,"href":"https:\/\/www.cerameurop.com\/en\/wp-json\/wp\/v2\/categorie?post=11360"}],"curies":[{"name":"wp","href":"https:\/\/api.w.org\/{rel}","templated":true}]}}