{"id":15241,"date":"2026-02-27T15:52:33","date_gmt":"2026-02-27T14:52:33","guid":{"rendered":"https:\/\/www.cerameurop.com\/adherent\/ugiel\/"},"modified":"2026-03-20T14:01:32","modified_gmt":"2026-03-20T13:01:32","slug":"ugiel","status":"publish","type":"adherent","link":"https:\/\/www.cerameurop.com\/en\/adherent\/ugiel\/","title":{"rendered":"UGIEL"},"content":{"rendered":"<p>By implementing a patented technology underlying on the intrinsic properties of nanosized gold and silver, UGIEL can tune, on demand, the color of powder materials whether they be natural or synthetic, organic or inorganic. Tailor-made resulting pigments are based on an eco-conception approach and exhibit increased lifetime and stability and almost perfect homogeneity allowing efficient formulation and sintering processes.<\/p>\n","protected":false},"featured_media":16828,"template":"","meta":{"_acf_changed":false},"categorie_adherent":[20,1389,1392],"class_list":["post-15241","adherent","type-adherent","status-publish","has-post-thumbnail","hentry","categorie_adherent-recherche-et-formation","categorie_adherent-research-and-training","categorie_adherent-raw-materials"],"acf":[],"yoast_head":"<!-- This site is optimized with the Yoast SEO plugin v27.5 - https:\/\/yoast.com\/product\/yoast-seo-wordpress\/ -->\n<title>UGIEL | P\u00f4le europ\u00e9en de la c\u00e9ramique<\/title>\n<meta name=\"description\" content=\"D\u00e9couvrez UGIEL , adh\u00e9rent du P\u00f4le europ\u00e9en de la c\u00e9ramique et acteur engag\u00e9 dans la fili\u00e8re c\u00e9ramique.\" \/>\n<meta name=\"robots\" content=\"index, follow, max-snippet:-1, max-image-preview:large, max-video-preview:-1\" \/>\n<link rel=\"canonical\" href=\"https:\/\/www.cerameurop.com\/en\/adherent\/ugiel\/\" \/>\n<meta property=\"og:locale\" content=\"en_US\" \/>\n<meta property=\"og:type\" content=\"article\" \/>\n<meta property=\"og:title\" content=\"UGIEL | P\u00f4le europ\u00e9en de la c\u00e9ramique\" \/>\n<meta property=\"og:description\" content=\"D\u00e9couvrez UGIEL , adh\u00e9rent du P\u00f4le europ\u00e9en de la c\u00e9ramique et acteur engag\u00e9 dans la fili\u00e8re c\u00e9ramique.\" \/>\n<meta property=\"og:url\" content=\"https:\/\/www.cerameurop.com\/en\/adherent\/ugiel\/\" \/>\n<meta property=\"og:site_name\" content=\"P\u00f4le europ\u00e9en de la c\u00e9ramique\" \/>\n<meta property=\"article:publisher\" content=\"https:\/\/www.facebook.com\/profile.php?id=100054339318607\" \/>\n<meta property=\"article:modified_time\" content=\"2026-03-20T13:01:32+00:00\" \/>\n<meta property=\"og:image\" content=\"https:\/\/www.cerameurop.com\/wp-content\/uploads\/2026\/01\/Logo_UGIEL2025.png\" \/>\n\t<meta property=\"og:image:width\" content=\"600\" \/>\n\t<meta property=\"og:image:height\" content=\"300\" \/>\n\t<meta property=\"og:image:type\" content=\"image\/png\" \/>\n<meta name=\"twitter:card\" content=\"summary_large_image\" \/>\n<script type=\"application\/ld+json\" class=\"yoast-schema-graph\">{\"@context\":\"https:\\\/\\\/schema.org\",\"@graph\":[{\"@type\":\"WebPage\",\"@id\":\"https:\\\/\\\/www.cerameurop.com\\\/en\\\/adherent\\\/ugiel\\\/\",\"url\":\"https:\\\/\\\/www.cerameurop.com\\\/en\\\/adherent\\\/ugiel\\\/\",\"name\":\"UGIEL | P\u00f4le europ\u00e9en de la c\u00e9ramique\",\"isPartOf\":{\"@id\":\"https:\\\/\\\/www.cerameurop.com\\\/en\\\/#website\"},\"primaryImageOfPage\":{\"@id\":\"https:\\\/\\\/www.cerameurop.com\\\/en\\\/adherent\\\/ugiel\\\/#primaryimage\"},\"image\":{\"@id\":\"https:\\\/\\\/www.cerameurop.com\\\/en\\\/adherent\\\/ugiel\\\/#primaryimage\"},\"thumbnailUrl\":\"https:\\\/\\\/www.cerameurop.com\\\/wp-content\\\/uploads\\\/2026\\\/04\\\/Logo_UGIEL.png\",\"datePublished\":\"2026-02-27T14:52:33+00:00\",\"dateModified\":\"2026-03-20T13:01:32+00:00\",\"description\":\"D\u00e9couvrez UGIEL , adh\u00e9rent du P\u00f4le europ\u00e9en de la c\u00e9ramique et acteur engag\u00e9 dans la fili\u00e8re c\u00e9ramique.\",\"breadcrumb\":{\"@id\":\"https:\\\/\\\/www.cerameurop.com\\\/en\\\/adherent\\\/ugiel\\\/#breadcrumb\"},\"inLanguage\":\"en-US\",\"potentialAction\":[{\"@type\":\"ReadAction\",\"target\":[\"https:\\\/\\\/www.cerameurop.com\\\/en\\\/adherent\\\/ugiel\\\/\"]}]},{\"@type\":\"ImageObject\",\"inLanguage\":\"en-US\",\"@id\":\"https:\\\/\\\/www.cerameurop.com\\\/en\\\/adherent\\\/ugiel\\\/#primaryimage\",\"url\":\"https:\\\/\\\/www.cerameurop.com\\\/wp-content\\\/uploads\\\/2026\\\/04\\\/Logo_UGIEL.png\",\"contentUrl\":\"https:\\\/\\\/www.cerameurop.com\\\/wp-content\\\/uploads\\\/2026\\\/04\\\/Logo_UGIEL.png\",\"width\":626,\"height\":204},{\"@type\":\"BreadcrumbList\",\"@id\":\"https:\\\/\\\/www.cerameurop.com\\\/en\\\/adherent\\\/ugiel\\\/#breadcrumb\",\"itemListElement\":[{\"@type\":\"ListItem\",\"position\":1,\"name\":\"Accueil\",\"item\":\"https:\\\/\\\/www.cerameurop.com\\\/en\\\/\"},{\"@type\":\"ListItem\",\"position\":2,\"name\":\"Adh\u00e9rents\",\"item\":\"https:\\\/\\\/www.cerameurop.com\\\/en\\\/adherents\\\/\"},{\"@type\":\"ListItem\",\"position\":3,\"name\":\"UGIEL\"}]},{\"@type\":\"WebSite\",\"@id\":\"https:\\\/\\\/www.cerameurop.com\\\/en\\\/#website\",\"url\":\"https:\\\/\\\/www.cerameurop.com\\\/en\\\/\",\"name\":\"P\u00f4le europ\u00e9en de la c\u00e9ramique\",\"description\":\"\",\"publisher\":{\"@id\":\"https:\\\/\\\/www.cerameurop.com\\\/en\\\/#organization\"},\"potentialAction\":[{\"@type\":\"SearchAction\",\"target\":{\"@type\":\"EntryPoint\",\"urlTemplate\":\"https:\\\/\\\/www.cerameurop.com\\\/en\\\/?s={search_term_string}\"},\"query-input\":{\"@type\":\"PropertyValueSpecification\",\"valueRequired\":true,\"valueName\":\"search_term_string\"}}],\"inLanguage\":\"en-US\"},{\"@type\":\"Organization\",\"@id\":\"https:\\\/\\\/www.cerameurop.com\\\/en\\\/#organization\",\"name\":\"P\u00f4le europ\u00e9en de la c\u00e9ramique\",\"url\":\"https:\\\/\\\/www.cerameurop.com\\\/en\\\/\",\"logo\":{\"@type\":\"ImageObject\",\"inLanguage\":\"en-US\",\"@id\":\"https:\\\/\\\/www.cerameurop.com\\\/en\\\/#\\\/schema\\\/logo\\\/image\\\/\",\"url\":\"https:\\\/\\\/www.cerameurop.com\\\/wp-content\\\/uploads\\\/2025\\\/12\\\/LOGO_POLE_EUROPEEN_DE_LA_CERAMIQUE-1024x450-1.webp\",\"contentUrl\":\"https:\\\/\\\/www.cerameurop.com\\\/wp-content\\\/uploads\\\/2025\\\/12\\\/LOGO_POLE_EUROPEEN_DE_LA_CERAMIQUE-1024x450-1.webp\",\"width\":1024,\"height\":450,\"caption\":\"P\u00f4le europ\u00e9en de la c\u00e9ramique\"},\"image\":{\"@id\":\"https:\\\/\\\/www.cerameurop.com\\\/en\\\/#\\\/schema\\\/logo\\\/image\\\/\"},\"sameAs\":[\"https:\\\/\\\/www.facebook.com\\\/profile.php?id=100054339318607\",\"https:\\\/\\\/www.linkedin.com\\\/company\\\/p\u00f4le-europ\u00e9en-de-la-c\u00e9ramique\\\/\"]}]}<\/script>\n<!-- \/ Yoast SEO plugin. -->","yoast_head_json":{"title":"UGIEL | P\u00f4le europ\u00e9en de la c\u00e9ramique","description":"D\u00e9couvrez UGIEL , adh\u00e9rent du P\u00f4le europ\u00e9en de la c\u00e9ramique et acteur engag\u00e9 dans la fili\u00e8re c\u00e9ramique.","robots":{"index":"index","follow":"follow","max-snippet":"max-snippet:-1","max-image-preview":"max-image-preview:large","max-video-preview":"max-video-preview:-1"},"canonical":"https:\/\/www.cerameurop.com\/en\/adherent\/ugiel\/","og_locale":"en_US","og_type":"article","og_title":"UGIEL | P\u00f4le europ\u00e9en de la c\u00e9ramique","og_description":"D\u00e9couvrez UGIEL , adh\u00e9rent du P\u00f4le europ\u00e9en de la c\u00e9ramique et acteur engag\u00e9 dans la fili\u00e8re c\u00e9ramique.","og_url":"https:\/\/www.cerameurop.com\/en\/adherent\/ugiel\/","og_site_name":"P\u00f4le europ\u00e9en de la c\u00e9ramique","article_publisher":"https:\/\/www.facebook.com\/profile.php?id=100054339318607","article_modified_time":"2026-03-20T13:01:32+00:00","og_image":[{"width":600,"height":300,"url":"https:\/\/www.cerameurop.com\/wp-content\/uploads\/2026\/01\/Logo_UGIEL2025.png","type":"image\/png"}],"twitter_card":"summary_large_image","schema":{"@context":"https:\/\/schema.org","@graph":[{"@type":"WebPage","@id":"https:\/\/www.cerameurop.com\/en\/adherent\/ugiel\/","url":"https:\/\/www.cerameurop.com\/en\/adherent\/ugiel\/","name":"UGIEL | P\u00f4le europ\u00e9en de la c\u00e9ramique","isPartOf":{"@id":"https:\/\/www.cerameurop.com\/en\/#website"},"primaryImageOfPage":{"@id":"https:\/\/www.cerameurop.com\/en\/adherent\/ugiel\/#primaryimage"},"image":{"@id":"https:\/\/www.cerameurop.com\/en\/adherent\/ugiel\/#primaryimage"},"thumbnailUrl":"https:\/\/www.cerameurop.com\/wp-content\/uploads\/2026\/04\/Logo_UGIEL.png","datePublished":"2026-02-27T14:52:33+00:00","dateModified":"2026-03-20T13:01:32+00:00","description":"D\u00e9couvrez UGIEL , adh\u00e9rent du P\u00f4le europ\u00e9en de la c\u00e9ramique et acteur engag\u00e9 dans la fili\u00e8re c\u00e9ramique.","breadcrumb":{"@id":"https:\/\/www.cerameurop.com\/en\/adherent\/ugiel\/#breadcrumb"},"inLanguage":"en-US","potentialAction":[{"@type":"ReadAction","target":["https:\/\/www.cerameurop.com\/en\/adherent\/ugiel\/"]}]},{"@type":"ImageObject","inLanguage":"en-US","@id":"https:\/\/www.cerameurop.com\/en\/adherent\/ugiel\/#primaryimage","url":"https:\/\/www.cerameurop.com\/wp-content\/uploads\/2026\/04\/Logo_UGIEL.png","contentUrl":"https:\/\/www.cerameurop.com\/wp-content\/uploads\/2026\/04\/Logo_UGIEL.png","width":626,"height":204},{"@type":"BreadcrumbList","@id":"https:\/\/www.cerameurop.com\/en\/adherent\/ugiel\/#breadcrumb","itemListElement":[{"@type":"ListItem","position":1,"name":"Accueil","item":"https:\/\/www.cerameurop.com\/en\/"},{"@type":"ListItem","position":2,"name":"Adh\u00e9rents","item":"https:\/\/www.cerameurop.com\/en\/adherents\/"},{"@type":"ListItem","position":3,"name":"UGIEL"}]},{"@type":"WebSite","@id":"https:\/\/www.cerameurop.com\/en\/#website","url":"https:\/\/www.cerameurop.com\/en\/","name":"P\u00f4le europ\u00e9en de la c\u00e9ramique","description":"","publisher":{"@id":"https:\/\/www.cerameurop.com\/en\/#organization"},"potentialAction":[{"@type":"SearchAction","target":{"@type":"EntryPoint","urlTemplate":"https:\/\/www.cerameurop.com\/en\/?s={search_term_string}"},"query-input":{"@type":"PropertyValueSpecification","valueRequired":true,"valueName":"search_term_string"}}],"inLanguage":"en-US"},{"@type":"Organization","@id":"https:\/\/www.cerameurop.com\/en\/#organization","name":"P\u00f4le europ\u00e9en de la c\u00e9ramique","url":"https:\/\/www.cerameurop.com\/en\/","logo":{"@type":"ImageObject","inLanguage":"en-US","@id":"https:\/\/www.cerameurop.com\/en\/#\/schema\/logo\/image\/","url":"https:\/\/www.cerameurop.com\/wp-content\/uploads\/2025\/12\/LOGO_POLE_EUROPEEN_DE_LA_CERAMIQUE-1024x450-1.webp","contentUrl":"https:\/\/www.cerameurop.com\/wp-content\/uploads\/2025\/12\/LOGO_POLE_EUROPEEN_DE_LA_CERAMIQUE-1024x450-1.webp","width":1024,"height":450,"caption":"P\u00f4le europ\u00e9en de la c\u00e9ramique"},"image":{"@id":"https:\/\/www.cerameurop.com\/en\/#\/schema\/logo\/image\/"},"sameAs":["https:\/\/www.facebook.com\/profile.php?id=100054339318607","https:\/\/www.linkedin.com\/company\/p\u00f4le-europ\u00e9en-de-la-c\u00e9ramique\/"]}]}},"_links":{"self":[{"href":"https:\/\/www.cerameurop.com\/en\/wp-json\/wp\/v2\/adherent\/15241","targetHints":{"allow":["GET"]}}],"collection":[{"href":"https:\/\/www.cerameurop.com\/en\/wp-json\/wp\/v2\/adherent"}],"about":[{"href":"https:\/\/www.cerameurop.com\/en\/wp-json\/wp\/v2\/types\/adherent"}],"version-history":[{"count":1,"href":"https:\/\/www.cerameurop.com\/en\/wp-json\/wp\/v2\/adherent\/15241\/revisions"}],"predecessor-version":[{"id":15242,"href":"https:\/\/www.cerameurop.com\/en\/wp-json\/wp\/v2\/adherent\/15241\/revisions\/15242"}],"wp:featuredmedia":[{"embeddable":true,"href":"https:\/\/www.cerameurop.com\/en\/wp-json\/wp\/v2\/media\/16828"}],"wp:attachment":[{"href":"https:\/\/www.cerameurop.com\/en\/wp-json\/wp\/v2\/media?parent=15241"}],"wp:term":[{"taxonomy":"categorie_adherent","embeddable":true,"href":"https:\/\/www.cerameurop.com\/en\/wp-json\/wp\/v2\/categorie_adherent?post=15241"}],"curies":[{"name":"wp","href":"https:\/\/api.w.org\/{rel}","templated":true}]}}