{"id":15181,"date":"2026-02-27T15:52:22","date_gmt":"2026-02-27T14:52:22","guid":{"rendered":"https:\/\/www.cerameurop.com\/adherent\/tarbes-lourdes-pyrenees-communaute-dagglomeration\/"},"modified":"2026-03-20T14:01:24","modified_gmt":"2026-03-20T13:01:24","slug":"tarbes-lourdes-pyrenees-communaute-dagglomeration","status":"publish","type":"adherent","link":"https:\/\/www.cerameurop.com\/en\/adherent\/tarbes-lourdes-pyrenees-communaute-dagglomeration\/","title":{"rendered":"TARBES LOURDES PYRENEES COMMUNAUTE D&#8217;AGGLOMERATION"},"content":{"rendered":"<p>The new Tarbes-Lourdes-Pyr\u00e9n\u00e9es Agglomeration Community was created on 1 January 2017, bringing together the Grand Tarbes Urban Community, the Communities of Communes of Bigorre-Adour-Echez, Gespe-Adour-Alaric, the canton Ossun, Lourdes, Batsurguere and Montaigu. Tarbes Lourdes Pyren\u00e9es is home to the C\u00e9ram\u2019Innov Pyrenees Economic Activity Zone in Bazet with SCT, Boostec Mersen, Vegeplast, Pall Exekia, Cerafast and Ceraver.<\/p>\n","protected":false},"featured_media":0,"template":"","meta":{"_acf_changed":false},"categorie_adherent":[1388],"class_list":["post-15181","adherent","type-adherent","status-publish","hentry","categorie_adherent-associate-members"],"acf":[],"yoast_head":"<!-- This site is optimized with the Yoast SEO plugin v27.5 - https:\/\/yoast.com\/product\/yoast-seo-wordpress\/ -->\n<title>TARBES LOURDES PYRENEES COMMUNAUTE D&#039;AGGLOMERATION | P\u00f4le europ\u00e9en de la c\u00e9ramique<\/title>\n<meta name=\"description\" content=\"D\u00e9couvrez TARBES LOURDES PYRENEES COMMUNAUTE D&#039;AGGLOMERATION , adh\u00e9rent du P\u00f4le europ\u00e9en de la c\u00e9ramique et acteur engag\u00e9 dans la fili\u00e8re c\u00e9ramique.\" \/>\n<meta name=\"robots\" content=\"index, follow, max-snippet:-1, max-image-preview:large, max-video-preview:-1\" \/>\n<link rel=\"canonical\" href=\"https:\/\/www.cerameurop.com\/en\/adherent\/tarbes-lourdes-pyrenees-communaute-dagglomeration\/\" \/>\n<meta property=\"og:locale\" content=\"en_US\" \/>\n<meta property=\"og:type\" content=\"article\" \/>\n<meta property=\"og:title\" content=\"TARBES LOURDES PYRENEES COMMUNAUTE D&#039;AGGLOMERATION | P\u00f4le europ\u00e9en de la c\u00e9ramique\" \/>\n<meta property=\"og:description\" content=\"D\u00e9couvrez TARBES LOURDES PYRENEES COMMUNAUTE D&#039;AGGLOMERATION , adh\u00e9rent du P\u00f4le europ\u00e9en de la c\u00e9ramique et acteur engag\u00e9 dans la fili\u00e8re c\u00e9ramique.\" \/>\n<meta property=\"og:url\" content=\"https:\/\/www.cerameurop.com\/en\/adherent\/tarbes-lourdes-pyrenees-communaute-dagglomeration\/\" \/>\n<meta property=\"og:site_name\" content=\"P\u00f4le europ\u00e9en de la c\u00e9ramique\" \/>\n<meta property=\"article:publisher\" content=\"https:\/\/www.facebook.com\/profile.php?id=100054339318607\" \/>\n<meta property=\"article:modified_time\" content=\"2026-03-20T13:01:24+00:00\" \/>\n<meta property=\"og:image\" content=\"https:\/\/www.cerameurop.com\/wp-content\/uploads\/2025\/12\/LOGO_POLE_EUROPEEN_DE_LA_CERAMIQUE-1024x450-1.webp\" \/>\n\t<meta property=\"og:image:width\" content=\"1024\" \/>\n\t<meta property=\"og:image:height\" content=\"450\" \/>\n\t<meta property=\"og:image:type\" content=\"image\/webp\" \/>\n<meta name=\"twitter:card\" content=\"summary_large_image\" \/>\n<script type=\"application\/ld+json\" class=\"yoast-schema-graph\">{\"@context\":\"https:\\\/\\\/schema.org\",\"@graph\":[{\"@type\":\"WebPage\",\"@id\":\"https:\\\/\\\/www.cerameurop.com\\\/en\\\/adherent\\\/tarbes-lourdes-pyrenees-communaute-dagglomeration\\\/\",\"url\":\"https:\\\/\\\/www.cerameurop.com\\\/en\\\/adherent\\\/tarbes-lourdes-pyrenees-communaute-dagglomeration\\\/\",\"name\":\"TARBES LOURDES PYRENEES COMMUNAUTE D'AGGLOMERATION | P\u00f4le europ\u00e9en de la c\u00e9ramique\",\"isPartOf\":{\"@id\":\"https:\\\/\\\/www.cerameurop.com\\\/en\\\/#website\"},\"datePublished\":\"2026-02-27T14:52:22+00:00\",\"dateModified\":\"2026-03-20T13:01:24+00:00\",\"description\":\"D\u00e9couvrez TARBES LOURDES PYRENEES COMMUNAUTE D'AGGLOMERATION , adh\u00e9rent du P\u00f4le europ\u00e9en de la c\u00e9ramique et acteur engag\u00e9 dans la fili\u00e8re c\u00e9ramique.\",\"breadcrumb\":{\"@id\":\"https:\\\/\\\/www.cerameurop.com\\\/en\\\/adherent\\\/tarbes-lourdes-pyrenees-communaute-dagglomeration\\\/#breadcrumb\"},\"inLanguage\":\"en-US\",\"potentialAction\":[{\"@type\":\"ReadAction\",\"target\":[\"https:\\\/\\\/www.cerameurop.com\\\/en\\\/adherent\\\/tarbes-lourdes-pyrenees-communaute-dagglomeration\\\/\"]}]},{\"@type\":\"BreadcrumbList\",\"@id\":\"https:\\\/\\\/www.cerameurop.com\\\/en\\\/adherent\\\/tarbes-lourdes-pyrenees-communaute-dagglomeration\\\/#breadcrumb\",\"itemListElement\":[{\"@type\":\"ListItem\",\"position\":1,\"name\":\"Accueil\",\"item\":\"https:\\\/\\\/www.cerameurop.com\\\/en\\\/\"},{\"@type\":\"ListItem\",\"position\":2,\"name\":\"Adh\u00e9rents\",\"item\":\"https:\\\/\\\/www.cerameurop.com\\\/en\\\/adherents\\\/\"},{\"@type\":\"ListItem\",\"position\":3,\"name\":\"TARBES LOURDES PYRENEES COMMUNAUTE D&#8217;AGGLOMERATION\"}]},{\"@type\":\"WebSite\",\"@id\":\"https:\\\/\\\/www.cerameurop.com\\\/en\\\/#website\",\"url\":\"https:\\\/\\\/www.cerameurop.com\\\/en\\\/\",\"name\":\"P\u00f4le europ\u00e9en de la c\u00e9ramique\",\"description\":\"\",\"publisher\":{\"@id\":\"https:\\\/\\\/www.cerameurop.com\\\/en\\\/#organization\"},\"potentialAction\":[{\"@type\":\"SearchAction\",\"target\":{\"@type\":\"EntryPoint\",\"urlTemplate\":\"https:\\\/\\\/www.cerameurop.com\\\/en\\\/?s={search_term_string}\"},\"query-input\":{\"@type\":\"PropertyValueSpecification\",\"valueRequired\":true,\"valueName\":\"search_term_string\"}}],\"inLanguage\":\"en-US\"},{\"@type\":\"Organization\",\"@id\":\"https:\\\/\\\/www.cerameurop.com\\\/en\\\/#organization\",\"name\":\"P\u00f4le europ\u00e9en de la c\u00e9ramique\",\"url\":\"https:\\\/\\\/www.cerameurop.com\\\/en\\\/\",\"logo\":{\"@type\":\"ImageObject\",\"inLanguage\":\"en-US\",\"@id\":\"https:\\\/\\\/www.cerameurop.com\\\/en\\\/#\\\/schema\\\/logo\\\/image\\\/\",\"url\":\"https:\\\/\\\/www.cerameurop.com\\\/wp-content\\\/uploads\\\/2025\\\/12\\\/LOGO_POLE_EUROPEEN_DE_LA_CERAMIQUE-1024x450-1.webp\",\"contentUrl\":\"https:\\\/\\\/www.cerameurop.com\\\/wp-content\\\/uploads\\\/2025\\\/12\\\/LOGO_POLE_EUROPEEN_DE_LA_CERAMIQUE-1024x450-1.webp\",\"width\":1024,\"height\":450,\"caption\":\"P\u00f4le europ\u00e9en de la c\u00e9ramique\"},\"image\":{\"@id\":\"https:\\\/\\\/www.cerameurop.com\\\/en\\\/#\\\/schema\\\/logo\\\/image\\\/\"},\"sameAs\":[\"https:\\\/\\\/www.facebook.com\\\/profile.php?id=100054339318607\",\"https:\\\/\\\/www.linkedin.com\\\/company\\\/p\u00f4le-europ\u00e9en-de-la-c\u00e9ramique\\\/\"]}]}<\/script>\n<!-- \/ Yoast SEO plugin. -->","yoast_head_json":{"title":"TARBES LOURDES PYRENEES COMMUNAUTE D'AGGLOMERATION | P\u00f4le europ\u00e9en de la c\u00e9ramique","description":"D\u00e9couvrez TARBES LOURDES PYRENEES COMMUNAUTE D'AGGLOMERATION , adh\u00e9rent du P\u00f4le europ\u00e9en de la c\u00e9ramique et acteur engag\u00e9 dans la fili\u00e8re c\u00e9ramique.","robots":{"index":"index","follow":"follow","max-snippet":"max-snippet:-1","max-image-preview":"max-image-preview:large","max-video-preview":"max-video-preview:-1"},"canonical":"https:\/\/www.cerameurop.com\/en\/adherent\/tarbes-lourdes-pyrenees-communaute-dagglomeration\/","og_locale":"en_US","og_type":"article","og_title":"TARBES LOURDES PYRENEES COMMUNAUTE D'AGGLOMERATION | P\u00f4le europ\u00e9en de la c\u00e9ramique","og_description":"D\u00e9couvrez TARBES LOURDES PYRENEES COMMUNAUTE D'AGGLOMERATION , adh\u00e9rent du P\u00f4le europ\u00e9en de la c\u00e9ramique et acteur engag\u00e9 dans la fili\u00e8re c\u00e9ramique.","og_url":"https:\/\/www.cerameurop.com\/en\/adherent\/tarbes-lourdes-pyrenees-communaute-dagglomeration\/","og_site_name":"P\u00f4le europ\u00e9en de la c\u00e9ramique","article_publisher":"https:\/\/www.facebook.com\/profile.php?id=100054339318607","article_modified_time":"2026-03-20T13:01:24+00:00","og_image":[{"width":1024,"height":450,"url":"https:\/\/www.cerameurop.com\/wp-content\/uploads\/2025\/12\/LOGO_POLE_EUROPEEN_DE_LA_CERAMIQUE-1024x450-1.webp","type":"image\/webp"}],"twitter_card":"summary_large_image","schema":{"@context":"https:\/\/schema.org","@graph":[{"@type":"WebPage","@id":"https:\/\/www.cerameurop.com\/en\/adherent\/tarbes-lourdes-pyrenees-communaute-dagglomeration\/","url":"https:\/\/www.cerameurop.com\/en\/adherent\/tarbes-lourdes-pyrenees-communaute-dagglomeration\/","name":"TARBES LOURDES PYRENEES COMMUNAUTE D'AGGLOMERATION | P\u00f4le europ\u00e9en de la c\u00e9ramique","isPartOf":{"@id":"https:\/\/www.cerameurop.com\/en\/#website"},"datePublished":"2026-02-27T14:52:22+00:00","dateModified":"2026-03-20T13:01:24+00:00","description":"D\u00e9couvrez TARBES LOURDES PYRENEES COMMUNAUTE D'AGGLOMERATION , adh\u00e9rent du P\u00f4le europ\u00e9en de la c\u00e9ramique et acteur engag\u00e9 dans la fili\u00e8re c\u00e9ramique.","breadcrumb":{"@id":"https:\/\/www.cerameurop.com\/en\/adherent\/tarbes-lourdes-pyrenees-communaute-dagglomeration\/#breadcrumb"},"inLanguage":"en-US","potentialAction":[{"@type":"ReadAction","target":["https:\/\/www.cerameurop.com\/en\/adherent\/tarbes-lourdes-pyrenees-communaute-dagglomeration\/"]}]},{"@type":"BreadcrumbList","@id":"https:\/\/www.cerameurop.com\/en\/adherent\/tarbes-lourdes-pyrenees-communaute-dagglomeration\/#breadcrumb","itemListElement":[{"@type":"ListItem","position":1,"name":"Accueil","item":"https:\/\/www.cerameurop.com\/en\/"},{"@type":"ListItem","position":2,"name":"Adh\u00e9rents","item":"https:\/\/www.cerameurop.com\/en\/adherents\/"},{"@type":"ListItem","position":3,"name":"TARBES LOURDES PYRENEES COMMUNAUTE D&#8217;AGGLOMERATION"}]},{"@type":"WebSite","@id":"https:\/\/www.cerameurop.com\/en\/#website","url":"https:\/\/www.cerameurop.com\/en\/","name":"P\u00f4le europ\u00e9en de la c\u00e9ramique","description":"","publisher":{"@id":"https:\/\/www.cerameurop.com\/en\/#organization"},"potentialAction":[{"@type":"SearchAction","target":{"@type":"EntryPoint","urlTemplate":"https:\/\/www.cerameurop.com\/en\/?s={search_term_string}"},"query-input":{"@type":"PropertyValueSpecification","valueRequired":true,"valueName":"search_term_string"}}],"inLanguage":"en-US"},{"@type":"Organization","@id":"https:\/\/www.cerameurop.com\/en\/#organization","name":"P\u00f4le europ\u00e9en de la c\u00e9ramique","url":"https:\/\/www.cerameurop.com\/en\/","logo":{"@type":"ImageObject","inLanguage":"en-US","@id":"https:\/\/www.cerameurop.com\/en\/#\/schema\/logo\/image\/","url":"https:\/\/www.cerameurop.com\/wp-content\/uploads\/2025\/12\/LOGO_POLE_EUROPEEN_DE_LA_CERAMIQUE-1024x450-1.webp","contentUrl":"https:\/\/www.cerameurop.com\/wp-content\/uploads\/2025\/12\/LOGO_POLE_EUROPEEN_DE_LA_CERAMIQUE-1024x450-1.webp","width":1024,"height":450,"caption":"P\u00f4le europ\u00e9en de la c\u00e9ramique"},"image":{"@id":"https:\/\/www.cerameurop.com\/en\/#\/schema\/logo\/image\/"},"sameAs":["https:\/\/www.facebook.com\/profile.php?id=100054339318607","https:\/\/www.linkedin.com\/company\/p\u00f4le-europ\u00e9en-de-la-c\u00e9ramique\/"]}]}},"_links":{"self":[{"href":"https:\/\/www.cerameurop.com\/en\/wp-json\/wp\/v2\/adherent\/15181","targetHints":{"allow":["GET"]}}],"collection":[{"href":"https:\/\/www.cerameurop.com\/en\/wp-json\/wp\/v2\/adherent"}],"about":[{"href":"https:\/\/www.cerameurop.com\/en\/wp-json\/wp\/v2\/types\/adherent"}],"version-history":[{"count":1,"href":"https:\/\/www.cerameurop.com\/en\/wp-json\/wp\/v2\/adherent\/15181\/revisions"}],"predecessor-version":[{"id":15182,"href":"https:\/\/www.cerameurop.com\/en\/wp-json\/wp\/v2\/adherent\/15181\/revisions\/15182"}],"wp:attachment":[{"href":"https:\/\/www.cerameurop.com\/en\/wp-json\/wp\/v2\/media?parent=15181"}],"wp:term":[{"taxonomy":"categorie_adherent","embeddable":true,"href":"https:\/\/www.cerameurop.com\/en\/wp-json\/wp\/v2\/categorie_adherent?post=15181"}],"curies":[{"name":"wp","href":"https:\/\/api.w.org\/{rel}","templated":true}]}}