{"id":15133,"date":"2026-02-27T15:52:13","date_gmt":"2026-02-27T14:52:13","guid":{"rendered":"https:\/\/www.cerameurop.com\/adherent\/pollen-am\/"},"modified":"2026-03-20T14:01:15","modified_gmt":"2026-03-20T13:01:15","slug":"pollen-am","status":"publish","type":"adherent","link":"https:\/\/www.cerameurop.com\/en\/adherent\/pollen-am\/","title":{"rendered":"POLLEN AM"},"content":{"rendered":"<p>Pollen AM is developing FDM type 3D printers using granules as a raw material. Really open to industrial materials, they make it possible to dispense with filaments, powders or any other specific format. It is now possible to produce prototypes, tools, jigs, parts in small and medium series using the same material as in injection molding, without investing in specific tools. PAM technology allows the manufacture of parts from thermoplastic, metallic and ceramic materials by successive addition of layers. <\/p>\n","protected":false},"featured_media":13922,"template":"","meta":{"_acf_changed":false},"categorie_adherent":[14,1387,1391],"class_list":["post-15133","adherent","type-adherent","status-publish","has-post-thumbnail","hentry","categorie_adherent-transformation-et-fabrication","categorie_adherent-suppliers","categorie_adherent-processing-and-manufacturing"],"acf":[],"yoast_head":"<!-- This site is optimized with the Yoast SEO plugin v27.5 - https:\/\/yoast.com\/product\/yoast-seo-wordpress\/ -->\n<title>POLLEN AM | P\u00f4le europ\u00e9en de la c\u00e9ramique<\/title>\n<meta name=\"description\" content=\"D\u00e9couvrez POLLEN AM , adh\u00e9rent du P\u00f4le europ\u00e9en de la c\u00e9ramique et acteur engag\u00e9 dans la fili\u00e8re c\u00e9ramique.\" \/>\n<meta name=\"robots\" content=\"index, follow, max-snippet:-1, max-image-preview:large, max-video-preview:-1\" \/>\n<link rel=\"canonical\" href=\"https:\/\/www.cerameurop.com\/en\/adherent\/pollen-am\/\" \/>\n<meta property=\"og:locale\" content=\"en_US\" \/>\n<meta property=\"og:type\" content=\"article\" \/>\n<meta property=\"og:title\" content=\"POLLEN AM | P\u00f4le europ\u00e9en de la c\u00e9ramique\" \/>\n<meta property=\"og:description\" content=\"D\u00e9couvrez POLLEN AM , adh\u00e9rent du P\u00f4le europ\u00e9en de la c\u00e9ramique et acteur engag\u00e9 dans la fili\u00e8re c\u00e9ramique.\" \/>\n<meta property=\"og:url\" content=\"https:\/\/www.cerameurop.com\/en\/adherent\/pollen-am\/\" \/>\n<meta property=\"og:site_name\" content=\"P\u00f4le europ\u00e9en de la c\u00e9ramique\" \/>\n<meta property=\"article:publisher\" content=\"https:\/\/www.facebook.com\/profile.php?id=100054339318607\" \/>\n<meta property=\"article:modified_time\" content=\"2026-03-20T13:01:15+00:00\" \/>\n<meta property=\"og:image\" content=\"https:\/\/www.cerameurop.com\/wp-content\/uploads\/2026\/01\/Logo_POLLEN_AM.jpg\" \/>\n\t<meta property=\"og:image:width\" content=\"600\" \/>\n\t<meta property=\"og:image:height\" content=\"300\" \/>\n\t<meta property=\"og:image:type\" content=\"image\/jpeg\" \/>\n<meta name=\"twitter:card\" content=\"summary_large_image\" \/>\n<script type=\"application\/ld+json\" class=\"yoast-schema-graph\">{\"@context\":\"https:\\\/\\\/schema.org\",\"@graph\":[{\"@type\":\"WebPage\",\"@id\":\"https:\\\/\\\/www.cerameurop.com\\\/en\\\/adherent\\\/pollen-am\\\/\",\"url\":\"https:\\\/\\\/www.cerameurop.com\\\/en\\\/adherent\\\/pollen-am\\\/\",\"name\":\"POLLEN AM | P\u00f4le europ\u00e9en de la c\u00e9ramique\",\"isPartOf\":{\"@id\":\"https:\\\/\\\/www.cerameurop.com\\\/en\\\/#website\"},\"primaryImageOfPage\":{\"@id\":\"https:\\\/\\\/www.cerameurop.com\\\/en\\\/adherent\\\/pollen-am\\\/#primaryimage\"},\"image\":{\"@id\":\"https:\\\/\\\/www.cerameurop.com\\\/en\\\/adherent\\\/pollen-am\\\/#primaryimage\"},\"thumbnailUrl\":\"https:\\\/\\\/www.cerameurop.com\\\/wp-content\\\/uploads\\\/2026\\\/01\\\/Logo_POLLEN_AM.jpg\",\"datePublished\":\"2026-02-27T14:52:13+00:00\",\"dateModified\":\"2026-03-20T13:01:15+00:00\",\"description\":\"D\u00e9couvrez POLLEN AM , adh\u00e9rent du P\u00f4le europ\u00e9en de la c\u00e9ramique et acteur engag\u00e9 dans la fili\u00e8re c\u00e9ramique.\",\"breadcrumb\":{\"@id\":\"https:\\\/\\\/www.cerameurop.com\\\/en\\\/adherent\\\/pollen-am\\\/#breadcrumb\"},\"inLanguage\":\"en-US\",\"potentialAction\":[{\"@type\":\"ReadAction\",\"target\":[\"https:\\\/\\\/www.cerameurop.com\\\/en\\\/adherent\\\/pollen-am\\\/\"]}]},{\"@type\":\"ImageObject\",\"inLanguage\":\"en-US\",\"@id\":\"https:\\\/\\\/www.cerameurop.com\\\/en\\\/adherent\\\/pollen-am\\\/#primaryimage\",\"url\":\"https:\\\/\\\/www.cerameurop.com\\\/wp-content\\\/uploads\\\/2026\\\/01\\\/Logo_POLLEN_AM.jpg\",\"contentUrl\":\"https:\\\/\\\/www.cerameurop.com\\\/wp-content\\\/uploads\\\/2026\\\/01\\\/Logo_POLLEN_AM.jpg\",\"width\":600,\"height\":300},{\"@type\":\"BreadcrumbList\",\"@id\":\"https:\\\/\\\/www.cerameurop.com\\\/en\\\/adherent\\\/pollen-am\\\/#breadcrumb\",\"itemListElement\":[{\"@type\":\"ListItem\",\"position\":1,\"name\":\"Accueil\",\"item\":\"https:\\\/\\\/www.cerameurop.com\\\/en\\\/\"},{\"@type\":\"ListItem\",\"position\":2,\"name\":\"Adh\u00e9rents\",\"item\":\"https:\\\/\\\/www.cerameurop.com\\\/en\\\/adherents\\\/\"},{\"@type\":\"ListItem\",\"position\":3,\"name\":\"POLLEN AM\"}]},{\"@type\":\"WebSite\",\"@id\":\"https:\\\/\\\/www.cerameurop.com\\\/en\\\/#website\",\"url\":\"https:\\\/\\\/www.cerameurop.com\\\/en\\\/\",\"name\":\"P\u00f4le europ\u00e9en de la c\u00e9ramique\",\"description\":\"\",\"publisher\":{\"@id\":\"https:\\\/\\\/www.cerameurop.com\\\/en\\\/#organization\"},\"potentialAction\":[{\"@type\":\"SearchAction\",\"target\":{\"@type\":\"EntryPoint\",\"urlTemplate\":\"https:\\\/\\\/www.cerameurop.com\\\/en\\\/?s={search_term_string}\"},\"query-input\":{\"@type\":\"PropertyValueSpecification\",\"valueRequired\":true,\"valueName\":\"search_term_string\"}}],\"inLanguage\":\"en-US\"},{\"@type\":\"Organization\",\"@id\":\"https:\\\/\\\/www.cerameurop.com\\\/en\\\/#organization\",\"name\":\"P\u00f4le europ\u00e9en de la c\u00e9ramique\",\"url\":\"https:\\\/\\\/www.cerameurop.com\\\/en\\\/\",\"logo\":{\"@type\":\"ImageObject\",\"inLanguage\":\"en-US\",\"@id\":\"https:\\\/\\\/www.cerameurop.com\\\/en\\\/#\\\/schema\\\/logo\\\/image\\\/\",\"url\":\"https:\\\/\\\/www.cerameurop.com\\\/wp-content\\\/uploads\\\/2025\\\/12\\\/LOGO_POLE_EUROPEEN_DE_LA_CERAMIQUE-1024x450-1.webp\",\"contentUrl\":\"https:\\\/\\\/www.cerameurop.com\\\/wp-content\\\/uploads\\\/2025\\\/12\\\/LOGO_POLE_EUROPEEN_DE_LA_CERAMIQUE-1024x450-1.webp\",\"width\":1024,\"height\":450,\"caption\":\"P\u00f4le europ\u00e9en de la c\u00e9ramique\"},\"image\":{\"@id\":\"https:\\\/\\\/www.cerameurop.com\\\/en\\\/#\\\/schema\\\/logo\\\/image\\\/\"},\"sameAs\":[\"https:\\\/\\\/www.facebook.com\\\/profile.php?id=100054339318607\",\"https:\\\/\\\/www.linkedin.com\\\/company\\\/p\u00f4le-europ\u00e9en-de-la-c\u00e9ramique\\\/\"]}]}<\/script>\n<!-- \/ Yoast SEO plugin. -->","yoast_head_json":{"title":"POLLEN AM | P\u00f4le europ\u00e9en de la c\u00e9ramique","description":"D\u00e9couvrez POLLEN AM , adh\u00e9rent du P\u00f4le europ\u00e9en de la c\u00e9ramique et acteur engag\u00e9 dans la fili\u00e8re c\u00e9ramique.","robots":{"index":"index","follow":"follow","max-snippet":"max-snippet:-1","max-image-preview":"max-image-preview:large","max-video-preview":"max-video-preview:-1"},"canonical":"https:\/\/www.cerameurop.com\/en\/adherent\/pollen-am\/","og_locale":"en_US","og_type":"article","og_title":"POLLEN AM | P\u00f4le europ\u00e9en de la c\u00e9ramique","og_description":"D\u00e9couvrez POLLEN AM , adh\u00e9rent du P\u00f4le europ\u00e9en de la c\u00e9ramique et acteur engag\u00e9 dans la fili\u00e8re c\u00e9ramique.","og_url":"https:\/\/www.cerameurop.com\/en\/adherent\/pollen-am\/","og_site_name":"P\u00f4le europ\u00e9en de la c\u00e9ramique","article_publisher":"https:\/\/www.facebook.com\/profile.php?id=100054339318607","article_modified_time":"2026-03-20T13:01:15+00:00","og_image":[{"width":600,"height":300,"url":"https:\/\/www.cerameurop.com\/wp-content\/uploads\/2026\/01\/Logo_POLLEN_AM.jpg","type":"image\/jpeg"}],"twitter_card":"summary_large_image","schema":{"@context":"https:\/\/schema.org","@graph":[{"@type":"WebPage","@id":"https:\/\/www.cerameurop.com\/en\/adherent\/pollen-am\/","url":"https:\/\/www.cerameurop.com\/en\/adherent\/pollen-am\/","name":"POLLEN AM | P\u00f4le europ\u00e9en de la c\u00e9ramique","isPartOf":{"@id":"https:\/\/www.cerameurop.com\/en\/#website"},"primaryImageOfPage":{"@id":"https:\/\/www.cerameurop.com\/en\/adherent\/pollen-am\/#primaryimage"},"image":{"@id":"https:\/\/www.cerameurop.com\/en\/adherent\/pollen-am\/#primaryimage"},"thumbnailUrl":"https:\/\/www.cerameurop.com\/wp-content\/uploads\/2026\/01\/Logo_POLLEN_AM.jpg","datePublished":"2026-02-27T14:52:13+00:00","dateModified":"2026-03-20T13:01:15+00:00","description":"D\u00e9couvrez POLLEN AM , adh\u00e9rent du P\u00f4le europ\u00e9en de la c\u00e9ramique et acteur engag\u00e9 dans la fili\u00e8re c\u00e9ramique.","breadcrumb":{"@id":"https:\/\/www.cerameurop.com\/en\/adherent\/pollen-am\/#breadcrumb"},"inLanguage":"en-US","potentialAction":[{"@type":"ReadAction","target":["https:\/\/www.cerameurop.com\/en\/adherent\/pollen-am\/"]}]},{"@type":"ImageObject","inLanguage":"en-US","@id":"https:\/\/www.cerameurop.com\/en\/adherent\/pollen-am\/#primaryimage","url":"https:\/\/www.cerameurop.com\/wp-content\/uploads\/2026\/01\/Logo_POLLEN_AM.jpg","contentUrl":"https:\/\/www.cerameurop.com\/wp-content\/uploads\/2026\/01\/Logo_POLLEN_AM.jpg","width":600,"height":300},{"@type":"BreadcrumbList","@id":"https:\/\/www.cerameurop.com\/en\/adherent\/pollen-am\/#breadcrumb","itemListElement":[{"@type":"ListItem","position":1,"name":"Accueil","item":"https:\/\/www.cerameurop.com\/en\/"},{"@type":"ListItem","position":2,"name":"Adh\u00e9rents","item":"https:\/\/www.cerameurop.com\/en\/adherents\/"},{"@type":"ListItem","position":3,"name":"POLLEN AM"}]},{"@type":"WebSite","@id":"https:\/\/www.cerameurop.com\/en\/#website","url":"https:\/\/www.cerameurop.com\/en\/","name":"P\u00f4le europ\u00e9en de la c\u00e9ramique","description":"","publisher":{"@id":"https:\/\/www.cerameurop.com\/en\/#organization"},"potentialAction":[{"@type":"SearchAction","target":{"@type":"EntryPoint","urlTemplate":"https:\/\/www.cerameurop.com\/en\/?s={search_term_string}"},"query-input":{"@type":"PropertyValueSpecification","valueRequired":true,"valueName":"search_term_string"}}],"inLanguage":"en-US"},{"@type":"Organization","@id":"https:\/\/www.cerameurop.com\/en\/#organization","name":"P\u00f4le europ\u00e9en de la c\u00e9ramique","url":"https:\/\/www.cerameurop.com\/en\/","logo":{"@type":"ImageObject","inLanguage":"en-US","@id":"https:\/\/www.cerameurop.com\/en\/#\/schema\/logo\/image\/","url":"https:\/\/www.cerameurop.com\/wp-content\/uploads\/2025\/12\/LOGO_POLE_EUROPEEN_DE_LA_CERAMIQUE-1024x450-1.webp","contentUrl":"https:\/\/www.cerameurop.com\/wp-content\/uploads\/2025\/12\/LOGO_POLE_EUROPEEN_DE_LA_CERAMIQUE-1024x450-1.webp","width":1024,"height":450,"caption":"P\u00f4le europ\u00e9en de la c\u00e9ramique"},"image":{"@id":"https:\/\/www.cerameurop.com\/en\/#\/schema\/logo\/image\/"},"sameAs":["https:\/\/www.facebook.com\/profile.php?id=100054339318607","https:\/\/www.linkedin.com\/company\/p\u00f4le-europ\u00e9en-de-la-c\u00e9ramique\/"]}]}},"_links":{"self":[{"href":"https:\/\/www.cerameurop.com\/en\/wp-json\/wp\/v2\/adherent\/15133","targetHints":{"allow":["GET"]}}],"collection":[{"href":"https:\/\/www.cerameurop.com\/en\/wp-json\/wp\/v2\/adherent"}],"about":[{"href":"https:\/\/www.cerameurop.com\/en\/wp-json\/wp\/v2\/types\/adherent"}],"version-history":[{"count":1,"href":"https:\/\/www.cerameurop.com\/en\/wp-json\/wp\/v2\/adherent\/15133\/revisions"}],"predecessor-version":[{"id":15134,"href":"https:\/\/www.cerameurop.com\/en\/wp-json\/wp\/v2\/adherent\/15133\/revisions\/15134"}],"wp:featuredmedia":[{"embeddable":true,"href":"https:\/\/www.cerameurop.com\/en\/wp-json\/wp\/v2\/media\/13922"}],"wp:attachment":[{"href":"https:\/\/www.cerameurop.com\/en\/wp-json\/wp\/v2\/media?parent=15133"}],"wp:term":[{"taxonomy":"categorie_adherent","embeddable":true,"href":"https:\/\/www.cerameurop.com\/en\/wp-json\/wp\/v2\/categorie_adherent?post=15133"}],"curies":[{"name":"wp","href":"https:\/\/api.w.org\/{rel}","templated":true}]}}